{"id":3457,"date":"2023-11-20T10:24:51","date_gmt":"2023-11-20T10:24:51","guid":{"rendered":"https:\/\/www.buergeralpe.at\/sommer\/?page_id=3457"},"modified":"2026-04-26T17:28:36","modified_gmt":"2026-04-26T17:28:36","slug":"thorsteinn-lemo","status":"publish","type":"page","link":"https:\/\/www.buergeralpe.at\/sommer\/konzerte\/thorsteinn-lemo\/","title":{"rendered":"Thorsteinn &#038; Lemo"},"content":{"rendered":"\t\t<div data-elementor-type=\"wp-page\" data-elementor-id=\"3457\" class=\"elementor elementor-3457\" data-elementor-settings=\"{&quot;element_pack_global_tooltip_width&quot;:{&quot;unit&quot;:&quot;px&quot;,&quot;size&quot;:&quot;&quot;,&quot;sizes&quot;:[]},&quot;element_pack_global_tooltip_width_tablet&quot;:{&quot;unit&quot;:&quot;px&quot;,&quot;size&quot;:&quot;&quot;,&quot;sizes&quot;:[]},&quot;element_pack_global_tooltip_width_mobile&quot;:{&quot;unit&quot;:&quot;px&quot;,&quot;size&quot;:&quot;&quot;,&quot;sizes&quot;:[]},&quot;element_pack_global_tooltip_padding&quot;:{&quot;unit&quot;:&quot;px&quot;,&quot;top&quot;:&quot;&quot;,&quot;right&quot;:&quot;&quot;,&quot;bottom&quot;:&quot;&quot;,&quot;left&quot;:&quot;&quot;,&quot;isLinked&quot;:true},&quot;element_pack_global_tooltip_padding_tablet&quot;:{&quot;unit&quot;:&quot;px&quot;,&quot;top&quot;:&quot;&quot;,&quot;right&quot;:&quot;&quot;,&quot;bottom&quot;:&quot;&quot;,&quot;left&quot;:&quot;&quot;,&quot;isLinked&quot;:true},&quot;element_pack_global_tooltip_padding_mobile&quot;:{&quot;unit&quot;:&quot;px&quot;,&quot;top&quot;:&quot;&quot;,&quot;right&quot;:&quot;&quot;,&quot;bottom&quot;:&quot;&quot;,&quot;left&quot;:&quot;&quot;,&quot;isLinked&quot;:true},&quot;element_pack_global_tooltip_border_radius&quot;:{&quot;unit&quot;:&quot;px&quot;,&quot;top&quot;:&quot;&quot;,&quot;right&quot;:&quot;&quot;,&quot;bottom&quot;:&quot;&quot;,&quot;left&quot;:&quot;&quot;,&quot;isLinked&quot;:true},&quot;element_pack_global_tooltip_border_radius_tablet&quot;:{&quot;unit&quot;:&quot;px&quot;,&quot;top&quot;:&quot;&quot;,&quot;right&quot;:&quot;&quot;,&quot;bottom&quot;:&quot;&quot;,&quot;left&quot;:&quot;&quot;,&quot;isLinked&quot;:true},&quot;element_pack_global_tooltip_border_radius_mobile&quot;:{&quot;unit&quot;:&quot;px&quot;,&quot;top&quot;:&quot;&quot;,&quot;right&quot;:&quot;&quot;,&quot;bottom&quot;:&quot;&quot;,&quot;left&quot;:&quot;&quot;,&quot;isLinked&quot;:true}}\" data-elementor-post-type=\"page\">\n\t\t\t\t\t\t<section data-particle_enable=\"false\" data-particle-mobile-disabled=\"false\" class=\"elementor-section elementor-top-section elementor-element elementor-element-7a0b929 elementor-section-full_width elementor-section-height-default elementor-section-height-default\" data-id=\"7a0b929\" data-element_type=\"section\" data-e-type=\"section\">\n\t\t\t\t\t\t<div class=\"elementor-container elementor-column-gap-default\">\n\t\t\t\t\t<div class=\"elementor-column elementor-col-100 elementor-top-column elementor-element elementor-element-d6938d8\" data-id=\"d6938d8\" data-element_type=\"column\" data-e-type=\"column\">\n\t\t\t<div class=\"elementor-widget-wrap elementor-element-populated\">\n\t\t\t\t\t\t<div class=\"elementor-element elementor-element-6768213 elementor-widget elementor-widget-image\" data-id=\"6768213\" data-element_type=\"widget\" data-e-type=\"widget\" data-widget_type=\"image.default\">\n\t\t\t\t<div class=\"elementor-widget-container\">\n\t\t\t\t\t\t\t\t\t\t\t\t\t\t\t<img fetchpriority=\"high\" decoding=\"async\" width=\"2048\" height=\"481\" src=\"https:\/\/www.buergeralpe.at\/sommer\/wp-content\/uploads\/2022\/02\/Mariazeller_Bergwelle_BuehneTribuene_pano-2048x481.jpg\" class=\"attachment-2048x2048 size-2048x2048 wp-image-1753\" alt=\"\" srcset=\"https:\/\/www.buergeralpe.at\/sommer\/wp-content\/uploads\/2022\/02\/Mariazeller_Bergwelle_BuehneTribuene_pano-2048x481.jpg 2048w, https:\/\/www.buergeralpe.at\/sommer\/wp-content\/uploads\/2022\/02\/Mariazeller_Bergwelle_BuehneTribuene_pano-300x70.jpg 300w, https:\/\/www.buergeralpe.at\/sommer\/wp-content\/uploads\/2022\/02\/Mariazeller_Bergwelle_BuehneTribuene_pano-1024x240.jpg 1024w, https:\/\/www.buergeralpe.at\/sommer\/wp-content\/uploads\/2022\/02\/Mariazeller_Bergwelle_BuehneTribuene_pano-768x180.jpg 768w, https:\/\/www.buergeralpe.at\/sommer\/wp-content\/uploads\/2022\/02\/Mariazeller_Bergwelle_BuehneTribuene_pano-1536x361.jpg 1536w\" sizes=\"(max-width: 2048px) 100vw, 2048px\" \/>\t\t\t\t\t\t\t\t\t\t\t\t\t\t\t<\/div>\n\t\t\t\t<\/div>\n\t\t\t\t\t<\/div>\n\t\t<\/div>\n\t\t\t\t\t<\/div>\n\t\t<\/section>\n\t\t\t\t<section data-particle_enable=\"false\" data-particle-mobile-disabled=\"false\" class=\"elementor-section elementor-top-section elementor-element elementor-element-d7472b2 elementor-section-boxed elementor-section-height-default elementor-section-height-default\" data-id=\"d7472b2\" data-element_type=\"section\" data-e-type=\"section\">\n\t\t\t\t\t\t<div class=\"elementor-container elementor-column-gap-default\">\n\t\t\t\t\t<div class=\"elementor-column elementor-col-100 elementor-top-column elementor-element elementor-element-40521cc\" data-id=\"40521cc\" data-element_type=\"column\" data-e-type=\"column\">\n\t\t\t<div class=\"elementor-widget-wrap elementor-element-populated\">\n\t\t\t\t\t\t<div class=\"elementor-element elementor-element-54c22f7 elementor-widget elementor-widget-heading\" data-id=\"54c22f7\" data-element_type=\"widget\" data-e-type=\"widget\" data-widget_type=\"heading.default\">\n\t\t\t\t<div class=\"elementor-widget-container\">\n\t\t\t\t\t<h1 class=\"elementor-heading-title elementor-size-default\">Thorsteinn Einarsson &amp; Lemo<\/h1>\t\t\t\t<\/div>\n\t\t\t\t<\/div>\n\t\t\t\t\t<\/div>\n\t\t<\/div>\n\t\t\t\t\t<\/div>\n\t\t<\/section>\n\t\t\t\t<section data-particle_enable=\"false\" data-particle-mobile-disabled=\"false\" class=\"elementor-section elementor-top-section elementor-element elementor-element-152d24c elementor-section-boxed elementor-section-height-default elementor-section-height-default\" data-id=\"152d24c\" data-element_type=\"section\" data-e-type=\"section\">\n\t\t\t\t\t\t<div class=\"elementor-container elementor-column-gap-default\">\n\t\t\t\t\t<div class=\"elementor-column elementor-col-100 elementor-top-column elementor-element elementor-element-9eaeb39\" data-id=\"9eaeb39\" data-element_type=\"column\" data-e-type=\"column\">\n\t\t\t<div class=\"elementor-widget-wrap elementor-element-populated\">\n\t\t\t\t\t\t<div class=\"elementor-element elementor-element-39ebbbc elementor-widget elementor-widget-heading\" data-id=\"39ebbbc\" data-element_type=\"widget\" data-e-type=\"widget\" data-widget_type=\"heading.default\">\n\t\t\t\t<div class=\"elementor-widget-container\">\n\t\t\t\t\t<h2 class=\"elementor-heading-title elementor-size-default\">Freitag, 7. August 2026<\/h2>\t\t\t\t<\/div>\n\t\t\t\t<\/div>\n\t\t\t\t\t<\/div>\n\t\t<\/div>\n\t\t\t\t\t<\/div>\n\t\t<\/section>\n\t\t\t\t<section data-particle_enable=\"false\" data-particle-mobile-disabled=\"false\" class=\"elementor-section elementor-top-section elementor-element elementor-element-b98a2a3 elementor-section-boxed elementor-section-height-default elementor-section-height-default\" data-id=\"b98a2a3\" data-element_type=\"section\" data-e-type=\"section\">\n\t\t\t\t\t\t<div class=\"elementor-container elementor-column-gap-default\">\n\t\t\t\t\t<div class=\"elementor-column elementor-col-100 elementor-top-column elementor-element elementor-element-40bd712\" data-id=\"40bd712\" data-element_type=\"column\" data-e-type=\"column\">\n\t\t\t<div class=\"elementor-widget-wrap elementor-element-populated\">\n\t\t\t\t\t\t<div class=\"elementor-element elementor-element-151014e elementor-widget elementor-widget-text-editor\" data-id=\"151014e\" data-element_type=\"widget\" data-e-type=\"widget\" data-widget_type=\"text-editor.default\">\n\t\t\t\t<div class=\"elementor-widget-container\">\n\t\t\t\t\t\t\t\t\t<p>Bereits zum 6. Mal wird <strong>THORSTEINN EINARSSON<\/strong> mit seinem rockigen Popsound und energiegeladener Performance die Seeb\u00fchne beben lassen.<br \/>Seit 10 Jahren ist <strong>LEMO<\/strong> aus der \u00f6sterreichischen Musikszene nicht mehr wegzudenken. Mit seinen Single-Hits \u201e\u201cDer Himmel \u00fcber Wien\u201c, \u201eVielleicht der Sommer\u201c und \u201eAlte Seele\u201c machte er sich seit 2014 einem breiten Publikum bekannt.<\/p><p><em><strong>Die Berg- und Talfahrt mit der Seilbahn \u201eB\u00fcrgeralpe Express\u201c ist im Ticketpreis inkludiert!<\/strong><\/em><\/p>\t\t\t\t\t\t\t\t<\/div>\n\t\t\t\t<\/div>\n\t\t\t\t\t<\/div>\n\t\t<\/div>\n\t\t\t\t\t<\/div>\n\t\t<\/section>\n\t\t\t\t<section data-particle_enable=\"false\" data-particle-mobile-disabled=\"false\" class=\"elementor-section elementor-top-section elementor-element elementor-element-58314a3 elementor-section-boxed elementor-section-height-default elementor-section-height-default\" data-id=\"58314a3\" data-element_type=\"section\" data-e-type=\"section\">\n\t\t\t\t\t\t<div class=\"elementor-container elementor-column-gap-default\">\n\t\t\t\t\t<div class=\"elementor-column elementor-col-100 elementor-top-column elementor-element elementor-element-81805a4\" data-id=\"81805a4\" data-element_type=\"column\" data-e-type=\"column\">\n\t\t\t<div class=\"elementor-widget-wrap elementor-element-populated\">\n\t\t\t\t\t\t<div class=\"elementor-element elementor-element-edb0720 elementor-widget elementor-widget-bdt-iframe\" data-id=\"edb0720\" data-element_type=\"widget\" data-e-type=\"widget\" data-widget_type=\"bdt-iframe.default\">\n\t\t\t\t<div class=\"elementor-widget-container\">\n\t\t\t\t\t\t\t<div class=\"bdt-device-container\">\n\t\t\t<div class=\"bdt-iframe bdt-device-\">\n\t\t\t\t<iframe class=\"bdt-lazyload\" data-throttle=\"300\" data-threshold=\"100\" data-live=\"true\" data-src=\"https:\/\/www.oeticket.com\/event\/lemo-thorsteinn-einarsson-seebuehne-bergsee-mariazell-21058913\/?affiliate=O28\" data-auto_height=\"false\" allowfullscreen=\"\"><\/iframe>\n\t\t\t\t\t\t\t<\/div>\n\t\t<\/div>\n\t\t\t\t\t\t<\/div>\n\t\t\t\t<\/div>\n\t\t\t\t\t<\/div>\n\t\t<\/div>\n\t\t\t\t\t<\/div>\n\t\t<\/section>\n\t\t<div data-particle_enable=\"false\" data-particle-mobile-disabled=\"false\" class=\"elementor-element elementor-element-e1ef3fc e-grid e-con-boxed e-con e-parent\" data-id=\"e1ef3fc\" data-element_type=\"container\" data-e-type=\"container\">\n\t\t\t\t\t<div class=\"e-con-inner\">\n\t\t\t\t<div class=\"elementor-element elementor-element-019972f elementor-widget elementor-widget-image\" data-id=\"019972f\" data-element_type=\"widget\" data-e-type=\"widget\" data-widget_type=\"image.default\">\n\t\t\t\t<div class=\"elementor-widget-container\">\n\t\t\t\t\t\t\t\t\t\t\t\t\t\t\t<img decoding=\"async\" width=\"2053\" height=\"2560\" src=\"https:\/\/www.buergeralpe.at\/sommer\/wp-content\/uploads\/2024\/10\/4_TE-by-Amine-Sebaur-scaled.jpg\" class=\"attachment-full size-full wp-image-4029\" alt=\"\" srcset=\"https:\/\/www.buergeralpe.at\/sommer\/wp-content\/uploads\/2024\/10\/4_TE-by-Amine-Sebaur-scaled.jpg 2053w, https:\/\/www.buergeralpe.at\/sommer\/wp-content\/uploads\/2024\/10\/4_TE-by-Amine-Sebaur-241x300.jpg 241w, https:\/\/www.buergeralpe.at\/sommer\/wp-content\/uploads\/2024\/10\/4_TE-by-Amine-Sebaur-821x1024.jpg 821w, https:\/\/www.buergeralpe.at\/sommer\/wp-content\/uploads\/2024\/10\/4_TE-by-Amine-Sebaur-768x958.jpg 768w, https:\/\/www.buergeralpe.at\/sommer\/wp-content\/uploads\/2024\/10\/4_TE-by-Amine-Sebaur-1232x1536.jpg 1232w, https:\/\/www.buergeralpe.at\/sommer\/wp-content\/uploads\/2024\/10\/4_TE-by-Amine-Sebaur-1642x2048.jpg 1642w\" sizes=\"(max-width: 2053px) 100vw, 2053px\" \/>\t\t\t\t\t\t\t\t\t\t\t\t\t\t\t<\/div>\n\t\t\t\t<\/div>\n\t\t\t\t<div class=\"elementor-element elementor-element-cc27763 elementor-widget elementor-widget-image\" data-id=\"cc27763\" data-element_type=\"widget\" data-e-type=\"widget\" data-widget_type=\"image.default\">\n\t\t\t\t<div class=\"elementor-widget-container\">\n\t\t\t\t\t\t\t\t\t\t\t\t\t\t\t<img decoding=\"async\" width=\"1920\" height=\"2560\" src=\"https:\/\/www.buergeralpe.at\/sommer\/wp-content\/uploads\/2024\/10\/Lemo_7_CPertramer-scaled.jpg\" class=\"attachment-full size-full wp-image-4082\" alt=\"\" srcset=\"https:\/\/www.buergeralpe.at\/sommer\/wp-content\/uploads\/2024\/10\/Lemo_7_CPertramer-scaled.jpg 1920w, https:\/\/www.buergeralpe.at\/sommer\/wp-content\/uploads\/2024\/10\/Lemo_7_CPertramer-225x300.jpg 225w, https:\/\/www.buergeralpe.at\/sommer\/wp-content\/uploads\/2024\/10\/Lemo_7_CPertramer-768x1024.jpg 768w, https:\/\/www.buergeralpe.at\/sommer\/wp-content\/uploads\/2024\/10\/Lemo_7_CPertramer-1152x1536.jpg 1152w, https:\/\/www.buergeralpe.at\/sommer\/wp-content\/uploads\/2024\/10\/Lemo_7_CPertramer-1536x2048.jpg 1536w\" sizes=\"(max-width: 1920px) 100vw, 1920px\" \/>\t\t\t\t\t\t\t\t\t\t\t\t\t\t\t<\/div>\n\t\t\t\t<\/div>\n\t\t\t\t\t<\/div>\n\t\t\t\t<\/div>\n\t\t\t\t<\/div>\n\t\t","protected":false},"excerpt":{"rendered":"<p>Thorsteinn Einarsson &amp; Lemo Freitag, 7. August 2026 Bereits zum 6. Mal wird THORSTEINN EINARSSON mit seinem rockigen Popsound und energiegeladener Performance die Seeb\u00fchne beben lassen.Seit 10 Jahren ist LEMO aus der \u00f6sterreichischen Musikszene nicht mehr wegzudenken. Mit seinen Single-Hits \u201e\u201cDer Himmel \u00fcber Wien\u201c, \u201eVielleicht der Sommer\u201c und \u201eAlte Seele\u201c machte er sich seit 2014 [&hellip;]<\/p>\n","protected":false},"author":3,"featured_media":0,"parent":672,"menu_order":0,"comment_status":"closed","ping_status":"closed","template":"elementor_header_footer","meta":{"ngg_post_thumbnail":0,"ocean_post_layout":"","ocean_both_sidebars_style":"","ocean_both_sidebars_content_width":0,"ocean_both_sidebars_sidebars_width":0,"ocean_sidebar":"0","ocean_second_sidebar":"0","ocean_disable_margins":"enable","ocean_add_body_class":"","ocean_shortcode_before_top_bar":"","ocean_shortcode_after_top_bar":"","ocean_shortcode_before_header":"","ocean_shortcode_after_header":"","ocean_has_shortcode":"","ocean_shortcode_after_title":"","ocean_shortcode_before_footer_widgets":"","ocean_shortcode_after_footer_widgets":"","ocean_shortcode_before_footer_bottom":"","ocean_shortcode_after_footer_bottom":"","ocean_display_top_bar":"default","ocean_display_header":"default","ocean_header_style":"","ocean_center_header_left_menu":"0","ocean_custom_header_template":"0","ocean_custom_logo":0,"ocean_custom_retina_logo":0,"ocean_custom_logo_max_width":0,"ocean_custom_logo_tablet_max_width":0,"ocean_custom_logo_mobile_max_width":0,"ocean_custom_logo_max_height":0,"ocean_custom_logo_tablet_max_height":0,"ocean_custom_logo_mobile_max_height":0,"ocean_header_custom_menu":"0","ocean_menu_typo_font_family":"0","ocean_menu_typo_font_subset":"","ocean_menu_typo_font_size":0,"ocean_menu_typo_font_size_tablet":0,"ocean_menu_typo_font_size_mobile":0,"ocean_menu_typo_font_size_unit":"px","ocean_menu_typo_font_weight":"","ocean_menu_typo_font_weight_tablet":"","ocean_menu_typo_font_weight_mobile":"","ocean_menu_typo_transform":"","ocean_menu_typo_transform_tablet":"","ocean_menu_typo_transform_mobile":"","ocean_menu_typo_line_height":0,"ocean_menu_typo_line_height_tablet":0,"ocean_menu_typo_line_height_mobile":0,"ocean_menu_typo_line_height_unit":"","ocean_menu_typo_spacing":0,"ocean_menu_typo_spacing_tablet":0,"ocean_menu_typo_spacing_mobile":0,"ocean_menu_typo_spacing_unit":"","ocean_menu_link_color":"","ocean_menu_link_color_hover":"","ocean_menu_link_color_active":"","ocean_menu_link_background":"","ocean_menu_link_hover_background":"","ocean_menu_link_active_background":"","ocean_menu_social_links_bg":"","ocean_menu_social_hover_links_bg":"","ocean_menu_social_links_color":"","ocean_menu_social_hover_links_color":"","ocean_disable_title":"default","ocean_disable_heading":"default","ocean_post_title":"","ocean_post_subheading":"","ocean_post_title_style":"","ocean_post_title_background_color":"","ocean_post_title_background":0,"ocean_post_title_bg_image_position":"","ocean_post_title_bg_image_attachment":"","ocean_post_title_bg_image_repeat":"","ocean_post_title_bg_image_size":"","ocean_post_title_height":0,"ocean_post_title_bg_overlay":0.5,"ocean_post_title_bg_overlay_color":"","ocean_disable_breadcrumbs":"default","ocean_breadcrumbs_color":"","ocean_breadcrumbs_separator_color":"","ocean_breadcrumbs_links_color":"","ocean_breadcrumbs_links_hover_color":"","ocean_display_footer_widgets":"default","ocean_display_footer_bottom":"default","ocean_custom_footer_template":"0","footnotes":""},"class_list":["post-3457","page","type-page","status-publish","hentry","entry"],"yoast_head":"<!-- This site is optimized with the Yoast SEO plugin v27.5 - https:\/\/yoast.com\/product\/yoast-seo-wordpress\/ -->\n<title>Thorsteinn &amp; Lemo - Sommer - Mariazeller B\u00fcrgeralpe<\/title>\n<meta name=\"robots\" content=\"index, follow, max-snippet:-1, max-image-preview:large, max-video-preview:-1\" \/>\n<link rel=\"canonical\" href=\"https:\/\/www.buergeralpe.at\/sommer\/konzerte\/thorsteinn-lemo\/\" \/>\n<meta property=\"og:locale\" content=\"de_DE\" \/>\n<meta property=\"og:type\" content=\"article\" \/>\n<meta property=\"og:title\" content=\"Thorsteinn &amp; Lemo - Sommer - Mariazeller B\u00fcrgeralpe\" \/>\n<meta property=\"og:description\" content=\"Thorsteinn Einarsson &amp; Lemo Freitag, 7. August 2026 Bereits zum 6. Mal wird THORSTEINN EINARSSON mit seinem rockigen Popsound und energiegeladener Performance die Seeb\u00fchne beben lassen.Seit 10 Jahren ist LEMO aus der \u00f6sterreichischen Musikszene nicht mehr wegzudenken. Mit seinen Single-Hits \u201e\u201cDer Himmel \u00fcber Wien\u201c, \u201eVielleicht der Sommer\u201c und \u201eAlte Seele\u201c machte er sich seit 2014 [&hellip;]\" \/>\n<meta property=\"og:url\" content=\"https:\/\/www.buergeralpe.at\/sommer\/konzerte\/thorsteinn-lemo\/\" \/>\n<meta property=\"og:site_name\" content=\"Sommer - Mariazeller B\u00fcrgeralpe\" \/>\n<meta property=\"article:modified_time\" content=\"2026-04-26T17:28:36+00:00\" \/>\n<meta property=\"og:image\" content=\"https:\/\/www.buergeralpe.at\/sommer\/wp-content\/uploads\/2022\/02\/Mariazeller_Bergwelle_BuehneTribuene_pano-scaled.jpg\" \/>\n\t<meta property=\"og:image:width\" content=\"2560\" \/>\n\t<meta property=\"og:image:height\" content=\"601\" \/>\n\t<meta property=\"og:image:type\" content=\"image\/jpeg\" \/>\n<meta name=\"twitter:card\" content=\"summary_large_image\" \/>\n<meta name=\"twitter:label1\" content=\"Gesch\u00e4tzte Lesezeit\" \/>\n\t<meta name=\"twitter:data1\" content=\"2\u00a0Minuten\" \/>\n<script type=\"application\/ld+json\" class=\"yoast-schema-graph\">{\"@context\":\"https:\\\/\\\/schema.org\",\"@graph\":[{\"@type\":\"WebPage\",\"@id\":\"https:\\\/\\\/www.buergeralpe.at\\\/sommer\\\/konzerte\\\/thorsteinn-lemo\\\/\",\"url\":\"https:\\\/\\\/www.buergeralpe.at\\\/sommer\\\/konzerte\\\/thorsteinn-lemo\\\/\",\"name\":\"Thorsteinn & Lemo - Sommer - Mariazeller B\u00fcrgeralpe\",\"isPartOf\":{\"@id\":\"https:\\\/\\\/www.buergeralpe.at\\\/sommer\\\/#website\"},\"primaryImageOfPage\":{\"@id\":\"https:\\\/\\\/www.buergeralpe.at\\\/sommer\\\/konzerte\\\/thorsteinn-lemo\\\/#primaryimage\"},\"image\":{\"@id\":\"https:\\\/\\\/www.buergeralpe.at\\\/sommer\\\/konzerte\\\/thorsteinn-lemo\\\/#primaryimage\"},\"thumbnailUrl\":\"https:\\\/\\\/www.buergeralpe.at\\\/sommer\\\/wp-content\\\/uploads\\\/2022\\\/02\\\/Mariazeller_Bergwelle_BuehneTribuene_pano-2048x481.jpg\",\"datePublished\":\"2023-11-20T10:24:51+00:00\",\"dateModified\":\"2026-04-26T17:28:36+00:00\",\"breadcrumb\":{\"@id\":\"https:\\\/\\\/www.buergeralpe.at\\\/sommer\\\/konzerte\\\/thorsteinn-lemo\\\/#breadcrumb\"},\"inLanguage\":\"de\",\"potentialAction\":[{\"@type\":\"ReadAction\",\"target\":[\"https:\\\/\\\/www.buergeralpe.at\\\/sommer\\\/konzerte\\\/thorsteinn-lemo\\\/\"]}]},{\"@type\":\"ImageObject\",\"inLanguage\":\"de\",\"@id\":\"https:\\\/\\\/www.buergeralpe.at\\\/sommer\\\/konzerte\\\/thorsteinn-lemo\\\/#primaryimage\",\"url\":\"https:\\\/\\\/www.buergeralpe.at\\\/sommer\\\/wp-content\\\/uploads\\\/2022\\\/02\\\/Mariazeller_Bergwelle_BuehneTribuene_pano-scaled.jpg\",\"contentUrl\":\"https:\\\/\\\/www.buergeralpe.at\\\/sommer\\\/wp-content\\\/uploads\\\/2022\\\/02\\\/Mariazeller_Bergwelle_BuehneTribuene_pano-scaled.jpg\",\"width\":2560,\"height\":601},{\"@type\":\"BreadcrumbList\",\"@id\":\"https:\\\/\\\/www.buergeralpe.at\\\/sommer\\\/konzerte\\\/thorsteinn-lemo\\\/#breadcrumb\",\"itemListElement\":[{\"@type\":\"ListItem\",\"position\":1,\"name\":\"Startseite\",\"item\":\"https:\\\/\\\/www.buergeralpe.at\\\/sommer\\\/\"},{\"@type\":\"ListItem\",\"position\":2,\"name\":\"Konzerte am Bergsee\",\"item\":\"https:\\\/\\\/www.buergeralpe.at\\\/sommer\\\/konzerte\\\/\"},{\"@type\":\"ListItem\",\"position\":3,\"name\":\"Thorsteinn &#038; Lemo\"}]},{\"@type\":\"WebSite\",\"@id\":\"https:\\\/\\\/www.buergeralpe.at\\\/sommer\\\/#website\",\"url\":\"https:\\\/\\\/www.buergeralpe.at\\\/sommer\\\/\",\"name\":\"Sommer - Mariazeller B\u00fcrgeralpe\",\"description\":\"Ein Spa\u00df f\u00fcr die ganze Familie\",\"publisher\":{\"@id\":\"https:\\\/\\\/www.buergeralpe.at\\\/sommer\\\/#organization\"},\"potentialAction\":[{\"@type\":\"SearchAction\",\"target\":{\"@type\":\"EntryPoint\",\"urlTemplate\":\"https:\\\/\\\/www.buergeralpe.at\\\/sommer\\\/?s={search_term_string}\"},\"query-input\":{\"@type\":\"PropertyValueSpecification\",\"valueRequired\":true,\"valueName\":\"search_term_string\"}}],\"inLanguage\":\"de\"},{\"@type\":\"Organization\",\"@id\":\"https:\\\/\\\/www.buergeralpe.at\\\/sommer\\\/#organization\",\"name\":\"Sommer - Mariazeller B\u00fcrgeralpe\",\"url\":\"https:\\\/\\\/www.buergeralpe.at\\\/sommer\\\/\",\"logo\":{\"@type\":\"ImageObject\",\"inLanguage\":\"de\",\"@id\":\"https:\\\/\\\/www.buergeralpe.at\\\/sommer\\\/#\\\/schema\\\/logo\\\/image\\\/\",\"url\":\"https:\\\/\\\/www.buergeralpe.at\\\/sommer\\\/wp-content\\\/uploads\\\/2021\\\/06\\\/cropped-Logo_Buergeralpe_Mariazell_weiss.png\",\"contentUrl\":\"https:\\\/\\\/www.buergeralpe.at\\\/sommer\\\/wp-content\\\/uploads\\\/2021\\\/06\\\/cropped-Logo_Buergeralpe_Mariazell_weiss.png\",\"width\":1643,\"height\":754,\"caption\":\"Sommer - Mariazeller B\u00fcrgeralpe\"},\"image\":{\"@id\":\"https:\\\/\\\/www.buergeralpe.at\\\/sommer\\\/#\\\/schema\\\/logo\\\/image\\\/\"}}]}<\/script>\n<!-- \/ Yoast SEO plugin. -->","yoast_head_json":{"title":"Thorsteinn & Lemo - Sommer - Mariazeller B\u00fcrgeralpe","robots":{"index":"index","follow":"follow","max-snippet":"max-snippet:-1","max-image-preview":"max-image-preview:large","max-video-preview":"max-video-preview:-1"},"canonical":"https:\/\/www.buergeralpe.at\/sommer\/konzerte\/thorsteinn-lemo\/","og_locale":"de_DE","og_type":"article","og_title":"Thorsteinn & Lemo - Sommer - Mariazeller B\u00fcrgeralpe","og_description":"Thorsteinn Einarsson &amp; Lemo Freitag, 7. August 2026 Bereits zum 6. Mal wird THORSTEINN EINARSSON mit seinem rockigen Popsound und energiegeladener Performance die Seeb\u00fchne beben lassen.Seit 10 Jahren ist LEMO aus der \u00f6sterreichischen Musikszene nicht mehr wegzudenken. Mit seinen Single-Hits \u201e\u201cDer Himmel \u00fcber Wien\u201c, \u201eVielleicht der Sommer\u201c und \u201eAlte Seele\u201c machte er sich seit 2014 [&hellip;]","og_url":"https:\/\/www.buergeralpe.at\/sommer\/konzerte\/thorsteinn-lemo\/","og_site_name":"Sommer - Mariazeller B\u00fcrgeralpe","article_modified_time":"2026-04-26T17:28:36+00:00","og_image":[{"width":2560,"height":601,"url":"https:\/\/www.buergeralpe.at\/sommer\/wp-content\/uploads\/2022\/02\/Mariazeller_Bergwelle_BuehneTribuene_pano-scaled.jpg","type":"image\/jpeg"}],"twitter_card":"summary_large_image","twitter_misc":{"Gesch\u00e4tzte Lesezeit":"2\u00a0Minuten"},"schema":{"@context":"https:\/\/schema.org","@graph":[{"@type":"WebPage","@id":"https:\/\/www.buergeralpe.at\/sommer\/konzerte\/thorsteinn-lemo\/","url":"https:\/\/www.buergeralpe.at\/sommer\/konzerte\/thorsteinn-lemo\/","name":"Thorsteinn & Lemo - Sommer - Mariazeller B\u00fcrgeralpe","isPartOf":{"@id":"https:\/\/www.buergeralpe.at\/sommer\/#website"},"primaryImageOfPage":{"@id":"https:\/\/www.buergeralpe.at\/sommer\/konzerte\/thorsteinn-lemo\/#primaryimage"},"image":{"@id":"https:\/\/www.buergeralpe.at\/sommer\/konzerte\/thorsteinn-lemo\/#primaryimage"},"thumbnailUrl":"https:\/\/www.buergeralpe.at\/sommer\/wp-content\/uploads\/2022\/02\/Mariazeller_Bergwelle_BuehneTribuene_pano-2048x481.jpg","datePublished":"2023-11-20T10:24:51+00:00","dateModified":"2026-04-26T17:28:36+00:00","breadcrumb":{"@id":"https:\/\/www.buergeralpe.at\/sommer\/konzerte\/thorsteinn-lemo\/#breadcrumb"},"inLanguage":"de","potentialAction":[{"@type":"ReadAction","target":["https:\/\/www.buergeralpe.at\/sommer\/konzerte\/thorsteinn-lemo\/"]}]},{"@type":"ImageObject","inLanguage":"de","@id":"https:\/\/www.buergeralpe.at\/sommer\/konzerte\/thorsteinn-lemo\/#primaryimage","url":"https:\/\/www.buergeralpe.at\/sommer\/wp-content\/uploads\/2022\/02\/Mariazeller_Bergwelle_BuehneTribuene_pano-scaled.jpg","contentUrl":"https:\/\/www.buergeralpe.at\/sommer\/wp-content\/uploads\/2022\/02\/Mariazeller_Bergwelle_BuehneTribuene_pano-scaled.jpg","width":2560,"height":601},{"@type":"BreadcrumbList","@id":"https:\/\/www.buergeralpe.at\/sommer\/konzerte\/thorsteinn-lemo\/#breadcrumb","itemListElement":[{"@type":"ListItem","position":1,"name":"Startseite","item":"https:\/\/www.buergeralpe.at\/sommer\/"},{"@type":"ListItem","position":2,"name":"Konzerte am Bergsee","item":"https:\/\/www.buergeralpe.at\/sommer\/konzerte\/"},{"@type":"ListItem","position":3,"name":"Thorsteinn &#038; Lemo"}]},{"@type":"WebSite","@id":"https:\/\/www.buergeralpe.at\/sommer\/#website","url":"https:\/\/www.buergeralpe.at\/sommer\/","name":"Sommer - Mariazeller B\u00fcrgeralpe","description":"Ein Spa\u00df f\u00fcr die ganze Familie","publisher":{"@id":"https:\/\/www.buergeralpe.at\/sommer\/#organization"},"potentialAction":[{"@type":"SearchAction","target":{"@type":"EntryPoint","urlTemplate":"https:\/\/www.buergeralpe.at\/sommer\/?s={search_term_string}"},"query-input":{"@type":"PropertyValueSpecification","valueRequired":true,"valueName":"search_term_string"}}],"inLanguage":"de"},{"@type":"Organization","@id":"https:\/\/www.buergeralpe.at\/sommer\/#organization","name":"Sommer - Mariazeller B\u00fcrgeralpe","url":"https:\/\/www.buergeralpe.at\/sommer\/","logo":{"@type":"ImageObject","inLanguage":"de","@id":"https:\/\/www.buergeralpe.at\/sommer\/#\/schema\/logo\/image\/","url":"https:\/\/www.buergeralpe.at\/sommer\/wp-content\/uploads\/2021\/06\/cropped-Logo_Buergeralpe_Mariazell_weiss.png","contentUrl":"https:\/\/www.buergeralpe.at\/sommer\/wp-content\/uploads\/2021\/06\/cropped-Logo_Buergeralpe_Mariazell_weiss.png","width":1643,"height":754,"caption":"Sommer - Mariazeller B\u00fcrgeralpe"},"image":{"@id":"https:\/\/www.buergeralpe.at\/sommer\/#\/schema\/logo\/image\/"}}]}},"publishpress_future_action":{"enabled":false,"date":"2026-05-10 08:33:24","action":"change-status","newStatus":"draft","terms":[],"taxonomy":"","extraData":[]},"publishpress_future_workflow_manual_trigger":{"enabledWorkflows":[]},"_links":{"self":[{"href":"https:\/\/www.buergeralpe.at\/sommer\/wp-json\/wp\/v2\/pages\/3457","targetHints":{"allow":["GET"]}}],"collection":[{"href":"https:\/\/www.buergeralpe.at\/sommer\/wp-json\/wp\/v2\/pages"}],"about":[{"href":"https:\/\/www.buergeralpe.at\/sommer\/wp-json\/wp\/v2\/types\/page"}],"author":[{"embeddable":true,"href":"https:\/\/www.buergeralpe.at\/sommer\/wp-json\/wp\/v2\/users\/3"}],"replies":[{"embeddable":true,"href":"https:\/\/www.buergeralpe.at\/sommer\/wp-json\/wp\/v2\/comments?post=3457"}],"version-history":[{"count":56,"href":"https:\/\/www.buergeralpe.at\/sommer\/wp-json\/wp\/v2\/pages\/3457\/revisions"}],"predecessor-version":[{"id":4927,"href":"https:\/\/www.buergeralpe.at\/sommer\/wp-json\/wp\/v2\/pages\/3457\/revisions\/4927"}],"up":[{"embeddable":true,"href":"https:\/\/www.buergeralpe.at\/sommer\/wp-json\/wp\/v2\/pages\/672"}],"wp:attachment":[{"href":"https:\/\/www.buergeralpe.at\/sommer\/wp-json\/wp\/v2\/media?parent=3457"}],"curies":[{"name":"wp","href":"https:\/\/api.w.org\/{rel}","templated":true}]}}