{"id":41,"date":"2021-01-31T09:44:46","date_gmt":"2021-01-31T09:44:46","guid":{"rendered":"https:\/\/www.buergeralpe.at\/winter\/?page_id=41"},"modified":"2024-03-11T12:30:36","modified_gmt":"2024-03-11T12:30:36","slug":"presse","status":"publish","type":"page","link":"https:\/\/www.buergeralpe.at\/winter\/presse\/","title":{"rendered":"Presse"},"content":{"rendered":"\t\t<div data-elementor-type=\"wp-page\" data-elementor-id=\"41\" class=\"elementor elementor-41\" data-elementor-post-type=\"page\">\n\t\t\t\t\t\t<section class=\"elementor-section elementor-top-section elementor-element elementor-element-34f92ff elementor-section-boxed elementor-section-height-default elementor-section-height-default\" data-id=\"34f92ff\" data-element_type=\"section\" data-e-type=\"section\">\n\t\t\t\t\t\t<div class=\"elementor-container elementor-column-gap-default\">\n\t\t\t\t\t<div class=\"elementor-column elementor-col-100 elementor-top-column elementor-element elementor-element-f977b44\" data-id=\"f977b44\" data-element_type=\"column\" data-e-type=\"column\">\n\t\t\t<div class=\"elementor-widget-wrap elementor-element-populated\">\n\t\t\t\t\t\t<div class=\"elementor-element elementor-element-6a306d4 elementor-widget elementor-widget-heading\" data-id=\"6a306d4\" data-element_type=\"widget\" data-e-type=\"widget\" data-widget_type=\"heading.default\">\n\t\t\t\t<div class=\"elementor-widget-container\">\n\t\t\t\t\t<h2 class=\"elementor-heading-title elementor-size-default\">Bilderdatenbank B\u00fcrgeralpe<\/h2>\t\t\t\t<\/div>\n\t\t\t\t<\/div>\n\t\t\t\t<div class=\"elementor-element elementor-element-0e7e1d3 elementor-widget elementor-widget-text-editor\" data-id=\"0e7e1d3\" data-element_type=\"widget\" data-e-type=\"widget\" data-widget_type=\"text-editor.default\">\n\t\t\t\t<div class=\"elementor-widget-container\">\n\t\t\t\t\t\t\t\t\t<p>Ihr direkter Weg zu kostenlosen Image- und Pressefotos von der Mariazeller B\u00fcrgeralpe. <br>Bitte um Angabe des angef\u00fchrten Fotocredits.<\/p><p>Sollten Sie zus\u00e4tzliche Fotos oder Infos ben\u00f6tigen wenden Sie sich bitte an office@buergeralpe.at.<br><\/p>\t\t\t\t\t\t\t\t<\/div>\n\t\t\t\t<\/div>\n\t\t\t\t<div class=\"elementor-element elementor-element-6ae5081 elementor-widget elementor-widget-text-editor\" data-id=\"6ae5081\" data-element_type=\"widget\" data-e-type=\"widget\" id=\"extradata\" data-widget_type=\"text-editor.default\">\n\t\t\t\t<div class=\"elementor-widget-container\">\n\t\t\t\t\t\t\t\t\t<p>\n\t<div class=\"ngg-galleryoverview ngg-download\" id=\"ngg-gallery-387a93da52fb234cdd540f2ec2066bb7-41\">\n\n\t\t<h3>Winterfotos<\/h3>\n\n\t\t\n\t\t\n\t\t\n\t\t<!-- Thumbnails -->\n\t\t<form action=\"https:\/\/www.buergeralpe.at\/winter\/wp-admin\/admin-ajax.php\" method=\"post\" id=\"ngg-gallery-387a93da52fb234cdd540f2ec2066bb7-41-download-frm\" class=\"ngg-download-frm\">\n\t\t\t<input type=\"hidden\" name=\"action\" value=\"ngg-download-gallery-zip\" \/>\n\t\t\t<input type=\"hidden\" name=\"gallery\" value=\"Winterfotos\" \/>\n\n\t\t\t\n\t\t\t\t<div id=\"ngg-image-5\" class=\"ngg-gallery-thumbnail-box\"  >\n\t\t\t\t\t<div class=\"ngg-gallery-thumbnail\" >\n\t\t\t\t\t\t<a href=\"https:\/\/www.buergeralpe.at\/winter\/wp-content\/gallery\/winterfotos\/2019-02_Familienschilauf-0001.jpg?t=1615972720\" title=\"\u00a9Mariazeller B\u00fcrgeralpe\/Fotograf: Rudy Dellinger\" class=\"ngg-simplelightbox\" rel=\"387a93da52fb234cdd540f2ec2066bb7\" data-image-id=\"5\" data-src=\"https:\/\/www.buergeralpe.at\/winter\/wp-content\/gallery\/winterfotos\/2019-02_Familienschilauf-0001.jpg?t=1615972720\" data-thumbnail=\"https:\/\/www.buergeralpe.at\/winter\/wp-content\/gallery\/winterfotos\/thumbs\/thumbs_2019-02_Familienschilauf-0001.jpg?t=1615972720\" data-title=\"Familienschilauf\" data-description=\"\u00a9Mariazeller B\u00fcrgeralpe\/Fotograf: Rudy Dellinger\" >\n\t\t\t\t\t\t\t\t\t\t\t\t\t\t<img decoding=\"async\" title=\"Familienschilauf\" alt=\"Familienschilauf\" src=\"https:\/\/www.buergeralpe.at\/winter\/wp-content\/gallery\/winterfotos\/thumbs\/thumbs_2019-02_Familienschilauf-0001.jpg?t=1615972720\" width='240' height='160' \/>\n\t\t\t\t\t\t\t\t\t\t\t\t\t<\/a>\n\t\t\t\t\t\t<label><input type=\"checkbox\" name=\"pid[]\" value=\"5\" \/><span>Familienschilauf<\/span><\/label>\n\t\t\t\t\t<\/div>\n\t\t\t\t<\/div>\n\n\t\t\t\t\t\t\t\t\n\t\t\t\n\t\t\t\t<div id=\"ngg-image-6\" class=\"ngg-gallery-thumbnail-box\"  >\n\t\t\t\t\t<div class=\"ngg-gallery-thumbnail\" >\n\t\t\t\t\t\t<a href=\"https:\/\/www.buergeralpe.at\/winter\/wp-content\/gallery\/winterfotos\/2019-02_Familienschilauf-0010.jpg?t=1615972720\" title=\"\u00a9Mariazeller B\u00fcrgeralpe\/Fotograf: Rudy Dellinger\" class=\"ngg-simplelightbox\" rel=\"387a93da52fb234cdd540f2ec2066bb7\" data-image-id=\"6\" data-src=\"https:\/\/www.buergeralpe.at\/winter\/wp-content\/gallery\/winterfotos\/2019-02_Familienschilauf-0010.jpg?t=1615972720\" data-thumbnail=\"https:\/\/www.buergeralpe.at\/winter\/wp-content\/gallery\/winterfotos\/thumbs\/thumbs_2019-02_Familienschilauf-0010.jpg?t=1615972720\" data-title=\"Bastis Slope\" data-description=\"\u00a9Mariazeller B\u00fcrgeralpe\/Fotograf: Rudy Dellinger\" >\n\t\t\t\t\t\t\t\t\t\t\t\t\t\t<img decoding=\"async\" title=\"Bastis Slope\" alt=\"Bastis Slope\" src=\"https:\/\/www.buergeralpe.at\/winter\/wp-content\/gallery\/winterfotos\/thumbs\/thumbs_2019-02_Familienschilauf-0010.jpg?t=1615972720\" width='240' height='160' \/>\n\t\t\t\t\t\t\t\t\t\t\t\t\t<\/a>\n\t\t\t\t\t\t<label><input type=\"checkbox\" name=\"pid[]\" value=\"6\" \/><span>Bastis Slope<\/span><\/label>\n\t\t\t\t\t<\/div>\n\t\t\t\t<\/div>\n\n\t\t\t\t\t\t\t\t\n\t\t\t\n\t\t\t\t<div id=\"ngg-image-7\" class=\"ngg-gallery-thumbnail-box\"  >\n\t\t\t\t\t<div class=\"ngg-gallery-thumbnail\" >\n\t\t\t\t\t\t<a href=\"https:\/\/www.buergeralpe.at\/winter\/wp-content\/gallery\/winterfotos\/2019-02_Familienschilauf-0016.jpg?t=1615972720\" title=\"\u00a9Mariazeller B\u00fcrgeralpe\/Fotograf: Rudy Dellinger\" class=\"ngg-simplelightbox\" rel=\"387a93da52fb234cdd540f2ec2066bb7\" data-image-id=\"7\" data-src=\"https:\/\/www.buergeralpe.at\/winter\/wp-content\/gallery\/winterfotos\/2019-02_Familienschilauf-0016.jpg?t=1615972720\" data-thumbnail=\"https:\/\/www.buergeralpe.at\/winter\/wp-content\/gallery\/winterfotos\/thumbs\/thumbs_2019-02_Familienschilauf-0016.jpg?t=1615972720\" data-title=\"Familienschilauf_1\" data-description=\"\u00a9Mariazeller B\u00fcrgeralpe\/Fotograf: Rudy Dellinger\" >\n\t\t\t\t\t\t\t\t\t\t\t\t\t\t<img decoding=\"async\" title=\"Familienschilauf_1\" alt=\"Familienschilauf_1\" src=\"https:\/\/www.buergeralpe.at\/winter\/wp-content\/gallery\/winterfotos\/thumbs\/thumbs_2019-02_Familienschilauf-0016.jpg?t=1615972720\" width='240' height='160' \/>\n\t\t\t\t\t\t\t\t\t\t\t\t\t<\/a>\n\t\t\t\t\t\t<label><input type=\"checkbox\" name=\"pid[]\" value=\"7\" \/><span>Familienschilauf_1<\/span><\/label>\n\t\t\t\t\t<\/div>\n\t\t\t\t<\/div>\n\n\t\t\t\t\t\t\t\t\n\t\t\t\n\t\t\t\t<div id=\"ngg-image-8\" class=\"ngg-gallery-thumbnail-box\"  >\n\t\t\t\t\t<div class=\"ngg-gallery-thumbnail\" >\n\t\t\t\t\t\t<a href=\"https:\/\/www.buergeralpe.at\/winter\/wp-content\/gallery\/winterfotos\/2019-02_Familienschilauf-0018.jpg?t=1615972720\" title=\"\u00a9Mariazeller B\u00fcrgeralpe\/Fotograf: Rudy Dellinger\" class=\"ngg-simplelightbox\" rel=\"387a93da52fb234cdd540f2ec2066bb7\" data-image-id=\"8\" data-src=\"https:\/\/www.buergeralpe.at\/winter\/wp-content\/gallery\/winterfotos\/2019-02_Familienschilauf-0018.jpg?t=1615972720\" data-thumbnail=\"https:\/\/www.buergeralpe.at\/winter\/wp-content\/gallery\/winterfotos\/thumbs\/thumbs_2019-02_Familienschilauf-0018.jpg?t=1615972720\" data-title=\"Familienschilauf_2\" data-description=\"\u00a9Mariazeller B\u00fcrgeralpe\/Fotograf: Rudy Dellinger\" >\n\t\t\t\t\t\t\t\t\t\t\t\t\t\t<img decoding=\"async\" title=\"Familienschilauf_2\" alt=\"Familienschilauf_2\" src=\"https:\/\/www.buergeralpe.at\/winter\/wp-content\/gallery\/winterfotos\/thumbs\/thumbs_2019-02_Familienschilauf-0018.jpg?t=1615972720\" width='240' height='160' \/>\n\t\t\t\t\t\t\t\t\t\t\t\t\t<\/a>\n\t\t\t\t\t\t<label><input type=\"checkbox\" name=\"pid[]\" value=\"8\" \/><span>Familienschilauf_2<\/span><\/label>\n\t\t\t\t\t<\/div>\n\t\t\t\t<\/div>\n\n\t\t\t\t\t\t\t\t\n\t\t\t\n\t\t\t\t<div id=\"ngg-image-9\" class=\"ngg-gallery-thumbnail-box\"  >\n\t\t\t\t\t<div class=\"ngg-gallery-thumbnail\" >\n\t\t\t\t\t\t<a href=\"https:\/\/www.buergeralpe.at\/winter\/wp-content\/gallery\/winterfotos\/2019-02_Familienschilauf-0002.jpg?t=1615972720\" title=\"\u00a9Mariazeller B\u00fcrgeralpe\/Fotograf: Rudy Dellinger\" class=\"ngg-simplelightbox\" rel=\"387a93da52fb234cdd540f2ec2066bb7\" data-image-id=\"9\" data-src=\"https:\/\/www.buergeralpe.at\/winter\/wp-content\/gallery\/winterfotos\/2019-02_Familienschilauf-0002.jpg?t=1615972720\" data-thumbnail=\"https:\/\/www.buergeralpe.at\/winter\/wp-content\/gallery\/winterfotos\/thumbs\/thumbs_2019-02_Familienschilauf-0002.jpg?t=1615972720\" data-title=\"Familienschilauf_3\" data-description=\"\u00a9Mariazeller B\u00fcrgeralpe\/Fotograf: Rudy Dellinger\" >\n\t\t\t\t\t\t\t\t\t\t\t\t\t\t<img decoding=\"async\" title=\"Familienschilauf_3\" alt=\"Familienschilauf_3\" src=\"https:\/\/www.buergeralpe.at\/winter\/wp-content\/gallery\/winterfotos\/thumbs\/thumbs_2019-02_Familienschilauf-0002.jpg?t=1615972720\" width='240' height='160' \/>\n\t\t\t\t\t\t\t\t\t\t\t\t\t<\/a>\n\t\t\t\t\t\t<label><input type=\"checkbox\" name=\"pid[]\" value=\"9\" \/><span>Familienschilauf_3<\/span><\/label>\n\t\t\t\t\t<\/div>\n\t\t\t\t<\/div>\n\n\t\t\t\t\t\t\t\t\n\t\t\t\n\t\t\t\t<div id=\"ngg-image-10\" class=\"ngg-gallery-thumbnail-box\"  >\n\t\t\t\t\t<div class=\"ngg-gallery-thumbnail\" >\n\t\t\t\t\t\t<a href=\"https:\/\/www.buergeralpe.at\/winter\/wp-content\/gallery\/winterfotos\/2019-02_Familie-Huette-0004.jpg?t=1615972720\" title=\"\u00a9Mariazeller B\u00fcrgeralpe\/Fotograf: Rudy Dellinger\" class=\"ngg-simplelightbox\" rel=\"387a93da52fb234cdd540f2ec2066bb7\" data-image-id=\"10\" data-src=\"https:\/\/www.buergeralpe.at\/winter\/wp-content\/gallery\/winterfotos\/2019-02_Familie-Huette-0004.jpg?t=1615972720\" data-thumbnail=\"https:\/\/www.buergeralpe.at\/winter\/wp-content\/gallery\/winterfotos\/thumbs\/thumbs_2019-02_Familie-Huette-0004.jpg?t=1615972720\" data-title=\"Edelwei\u00dfh\u00fctte\" data-description=\"\u00a9Mariazeller B\u00fcrgeralpe\/Fotograf: Rudy Dellinger\" >\n\t\t\t\t\t\t\t\t\t\t\t\t\t\t<img decoding=\"async\" title=\"Edelwei\u00dfh\u00fctte\" alt=\"Edelwei\u00dfh\u00fctte\" src=\"https:\/\/www.buergeralpe.at\/winter\/wp-content\/gallery\/winterfotos\/thumbs\/thumbs_2019-02_Familie-Huette-0004.jpg?t=1615972720\" width='240' height='160' \/>\n\t\t\t\t\t\t\t\t\t\t\t\t\t<\/a>\n\t\t\t\t\t\t<label><input type=\"checkbox\" name=\"pid[]\" value=\"10\" \/><span>Edelwei\u00dfh\u00fctte<\/span><\/label>\n\t\t\t\t\t<\/div>\n\t\t\t\t<\/div>\n\n\t\t\t\t\t\t\t\t\n\t\t\t\n\t\t\t\t<div id=\"ngg-image-11\" class=\"ngg-gallery-thumbnail-box\"  >\n\t\t\t\t\t<div class=\"ngg-gallery-thumbnail\" >\n\t\t\t\t\t\t<a href=\"https:\/\/www.buergeralpe.at\/winter\/wp-content\/gallery\/winterfotos\/2019-02_Familienschilauf-0021.jpg?t=1615972720\" title=\"\u00a9Mariazeller B\u00fcrgeralpe\/Fotograf: Rudy Dellinger\" class=\"ngg-simplelightbox\" rel=\"387a93da52fb234cdd540f2ec2066bb7\" data-image-id=\"11\" data-src=\"https:\/\/www.buergeralpe.at\/winter\/wp-content\/gallery\/winterfotos\/2019-02_Familienschilauf-0021.jpg?t=1615972720\" data-thumbnail=\"https:\/\/www.buergeralpe.at\/winter\/wp-content\/gallery\/winterfotos\/thumbs\/thumbs_2019-02_Familienschilauf-0021.jpg?t=1615972720\" data-title=\"Familienschilauf\" data-description=\"\u00a9Mariazeller B\u00fcrgeralpe\/Fotograf: Rudy Dellinger\" >\n\t\t\t\t\t\t\t\t\t\t\t\t\t\t<img decoding=\"async\" title=\"Familienschilauf\" alt=\"Familienschilauf\" src=\"https:\/\/www.buergeralpe.at\/winter\/wp-content\/gallery\/winterfotos\/thumbs\/thumbs_2019-02_Familienschilauf-0021.jpg?t=1615972720\" width='240' height='160' \/>\n\t\t\t\t\t\t\t\t\t\t\t\t\t<\/a>\n\t\t\t\t\t\t<label><input type=\"checkbox\" name=\"pid[]\" value=\"11\" \/><span>Familienschilauf<\/span><\/label>\n\t\t\t\t\t<\/div>\n\t\t\t\t<\/div>\n\n\t\t\t\t\t\t\t\t\n\t\t\t\n\t\t\t\t<div id=\"ngg-image-12\" class=\"ngg-gallery-thumbnail-box\"  >\n\t\t\t\t\t<div class=\"ngg-gallery-thumbnail\" >\n\t\t\t\t\t\t<a href=\"https:\/\/www.buergeralpe.at\/winter\/wp-content\/gallery\/winterfotos\/2019-02_Rodeln-0007.jpg?t=1615972720\" title=\"\u00a9Mariazeller B\u00fcrgeralpe\/Fotograf: Rudy Dellinger\" class=\"ngg-simplelightbox\" rel=\"387a93da52fb234cdd540f2ec2066bb7\" data-image-id=\"12\" data-src=\"https:\/\/www.buergeralpe.at\/winter\/wp-content\/gallery\/winterfotos\/2019-02_Rodeln-0007.jpg?t=1615972720\" data-thumbnail=\"https:\/\/www.buergeralpe.at\/winter\/wp-content\/gallery\/winterfotos\/thumbs\/thumbs_2019-02_Rodeln-0007.jpg?t=1615972720\" data-title=\"Rodeln\" data-description=\"\u00a9Mariazeller B\u00fcrgeralpe\/Fotograf: Rudy Dellinger\" >\n\t\t\t\t\t\t\t\t\t\t\t\t\t\t<img decoding=\"async\" title=\"Rodeln\" alt=\"Rodeln\" src=\"https:\/\/www.buergeralpe.at\/winter\/wp-content\/gallery\/winterfotos\/thumbs\/thumbs_2019-02_Rodeln-0007.jpg?t=1615972720\" width='240' height='160' \/>\n\t\t\t\t\t\t\t\t\t\t\t\t\t<\/a>\n\t\t\t\t\t\t<label><input type=\"checkbox\" name=\"pid[]\" value=\"12\" \/><span>Rodeln<\/span><\/label>\n\t\t\t\t\t<\/div>\n\t\t\t\t<\/div>\n\n\t\t\t\t\t\t\t\t\n\t\t\t\n\t\t\t\t<div id=\"ngg-image-13\" class=\"ngg-gallery-thumbnail-box\"  >\n\t\t\t\t\t<div class=\"ngg-gallery-thumbnail\" >\n\t\t\t\t\t\t<a href=\"https:\/\/www.buergeralpe.at\/winter\/wp-content\/gallery\/winterfotos\/2019-02_Rodeln-0011.jpg?t=1615972720\" title=\"\u00a9Mariazeller B\u00fcrgeralpe\/Fotograf: Rudy Dellinger\" class=\"ngg-simplelightbox\" rel=\"387a93da52fb234cdd540f2ec2066bb7\" data-image-id=\"13\" data-src=\"https:\/\/www.buergeralpe.at\/winter\/wp-content\/gallery\/winterfotos\/2019-02_Rodeln-0011.jpg?t=1615972720\" data-thumbnail=\"https:\/\/www.buergeralpe.at\/winter\/wp-content\/gallery\/winterfotos\/thumbs\/thumbs_2019-02_Rodeln-0011.jpg?t=1615972720\" data-title=\"Rodeln-Basilika\" data-description=\"\u00a9Mariazeller B\u00fcrgeralpe\/Fotograf: Rudy Dellinger\" >\n\t\t\t\t\t\t\t\t\t\t\t\t\t\t<img decoding=\"async\" title=\"Rodeln-Basilika\" alt=\"Rodeln-Basilika\" src=\"https:\/\/www.buergeralpe.at\/winter\/wp-content\/gallery\/winterfotos\/thumbs\/thumbs_2019-02_Rodeln-0011.jpg?t=1615972720\" width='240' height='160' \/>\n\t\t\t\t\t\t\t\t\t\t\t\t\t<\/a>\n\t\t\t\t\t\t<label><input type=\"checkbox\" name=\"pid[]\" value=\"13\" \/><span>Rodeln-Basilika<\/span><\/label>\n\t\t\t\t\t<\/div>\n\t\t\t\t<\/div>\n\n\t\t\t\t\t\t\t\t\n\t\t\t\n\t\t\t\t<div id=\"ngg-image-14\" class=\"ngg-gallery-thumbnail-box\"  >\n\t\t\t\t\t<div class=\"ngg-gallery-thumbnail\" >\n\t\t\t\t\t\t<a href=\"https:\/\/www.buergeralpe.at\/winter\/wp-content\/gallery\/winterfotos\/2019-02_Rodeln-0003.jpg?t=1615972720\" title=\"\u00a9Mariazeller B\u00fcrgeralpe\/Fotograf: Rudy Dellinger\" class=\"ngg-simplelightbox\" rel=\"387a93da52fb234cdd540f2ec2066bb7\" data-image-id=\"14\" data-src=\"https:\/\/www.buergeralpe.at\/winter\/wp-content\/gallery\/winterfotos\/2019-02_Rodeln-0003.jpg?t=1615972720\" data-thumbnail=\"https:\/\/www.buergeralpe.at\/winter\/wp-content\/gallery\/winterfotos\/thumbs\/thumbs_2019-02_Rodeln-0003.jpg?t=1615972720\" data-title=\"Rodeln-Aussichtsturm\" data-description=\"\u00a9Mariazeller B\u00fcrgeralpe\/Fotograf: Rudy Dellinger\" >\n\t\t\t\t\t\t\t\t\t\t\t\t\t\t<img decoding=\"async\" title=\"Rodeln-Aussichtsturm\" alt=\"Rodeln-Aussichtsturm\" src=\"https:\/\/www.buergeralpe.at\/winter\/wp-content\/gallery\/winterfotos\/thumbs\/thumbs_2019-02_Rodeln-0003.jpg?t=1615972720\" width='240' height='160' \/>\n\t\t\t\t\t\t\t\t\t\t\t\t\t<\/a>\n\t\t\t\t\t\t<label><input type=\"checkbox\" name=\"pid[]\" value=\"14\" \/><span>Rodeln-Aussichtsturm<\/span><\/label>\n\t\t\t\t\t<\/div>\n\t\t\t\t<\/div>\n\n\t\t\t\t\t\t\t\t\n\t\t\t\n\t\t\t\t<div id=\"ngg-image-15\" class=\"ngg-gallery-thumbnail-box\"  >\n\t\t\t\t\t<div class=\"ngg-gallery-thumbnail\" >\n\t\t\t\t\t\t<a href=\"https:\/\/www.buergeralpe.at\/winter\/wp-content\/gallery\/winterfotos\/2019-02_Familienschilauf-0024.jpg?t=1615972720\" title=\"\u00a9Mariazeller B\u00fcrgeralpe\/Fotograf: Rudy Dellinger\" class=\"ngg-simplelightbox\" rel=\"387a93da52fb234cdd540f2ec2066bb7\" data-image-id=\"15\" data-src=\"https:\/\/www.buergeralpe.at\/winter\/wp-content\/gallery\/winterfotos\/2019-02_Familienschilauf-0024.jpg?t=1615972720\" data-thumbnail=\"https:\/\/www.buergeralpe.at\/winter\/wp-content\/gallery\/winterfotos\/thumbs\/thumbs_2019-02_Familienschilauf-0024.jpg?t=1615972720\" data-title=\"Familienschilauf-0024\" data-description=\"\u00a9Mariazeller B\u00fcrgeralpe\/Fotograf: Rudy Dellinger\" >\n\t\t\t\t\t\t\t\t\t\t\t\t\t\t<img decoding=\"async\" title=\"Familienschilauf-0024\" alt=\"Familienschilauf-0024\" src=\"https:\/\/www.buergeralpe.at\/winter\/wp-content\/gallery\/winterfotos\/thumbs\/thumbs_2019-02_Familienschilauf-0024.jpg?t=1615972720\" width='240' height='160' \/>\n\t\t\t\t\t\t\t\t\t\t\t\t\t<\/a>\n\t\t\t\t\t\t<label><input type=\"checkbox\" name=\"pid[]\" value=\"15\" \/><span>Familienschilauf-0024<\/span><\/label>\n\t\t\t\t\t<\/div>\n\t\t\t\t<\/div>\n\n\t\t\t\t\t\t\t\t\n\t\t\t\n\t\t\t\t<div id=\"ngg-image-16\" class=\"ngg-gallery-thumbnail-box\"  >\n\t\t\t\t\t<div class=\"ngg-gallery-thumbnail\" >\n\t\t\t\t\t\t<a href=\"https:\/\/www.buergeralpe.at\/winter\/wp-content\/gallery\/winterfotos\/2019-02_Schneeschuhwandern-0008.jpg?t=1615972720\" title=\"\u00a9Mariazeller B\u00fcrgeralpe\/Fotograf: Rudy Dellinger\" class=\"ngg-simplelightbox\" rel=\"387a93da52fb234cdd540f2ec2066bb7\" data-image-id=\"16\" data-src=\"https:\/\/www.buergeralpe.at\/winter\/wp-content\/gallery\/winterfotos\/2019-02_Schneeschuhwandern-0008.jpg?t=1615972720\" data-thumbnail=\"https:\/\/www.buergeralpe.at\/winter\/wp-content\/gallery\/winterfotos\/thumbs\/thumbs_2019-02_Schneeschuhwandern-0008.jpg?t=1615972720\" data-title=\"Schneeschuhwandern\" data-description=\"\u00a9Mariazeller B\u00fcrgeralpe\/Fotograf: Rudy Dellinger\" >\n\t\t\t\t\t\t\t\t\t\t\t\t\t\t<img decoding=\"async\" title=\"Schneeschuhwandern\" alt=\"Schneeschuhwandern\" src=\"https:\/\/www.buergeralpe.at\/winter\/wp-content\/gallery\/winterfotos\/thumbs\/thumbs_2019-02_Schneeschuhwandern-0008.jpg?t=1615972720\" width='240' height='160' \/>\n\t\t\t\t\t\t\t\t\t\t\t\t\t<\/a>\n\t\t\t\t\t\t<label><input type=\"checkbox\" name=\"pid[]\" value=\"16\" \/><span>Schneeschuhwandern<\/span><\/label>\n\t\t\t\t\t<\/div>\n\t\t\t\t<\/div>\n\n\t\t\t\t\t\t\t\t\n\t\t\t\n\t\t\t\t<div id=\"ngg-image-17\" class=\"ngg-gallery-thumbnail-box\"  >\n\t\t\t\t\t<div class=\"ngg-gallery-thumbnail\" >\n\t\t\t\t\t\t<a href=\"https:\/\/www.buergeralpe.at\/winter\/wp-content\/gallery\/winterfotos\/2019-02_Tourenschilauf-0026.jpg?t=1615972720\" title=\"\u00a9Mariazeller B\u00fcrgeralpe\/Fotograf: Rudy Dellinger\" class=\"ngg-simplelightbox\" rel=\"387a93da52fb234cdd540f2ec2066bb7\" data-image-id=\"17\" data-src=\"https:\/\/www.buergeralpe.at\/winter\/wp-content\/gallery\/winterfotos\/2019-02_Tourenschilauf-0026.jpg?t=1615972720\" data-thumbnail=\"https:\/\/www.buergeralpe.at\/winter\/wp-content\/gallery\/winterfotos\/thumbs\/thumbs_2019-02_Tourenschilauf-0026.jpg?t=1615972720\" data-title=\"Tourenschilauf\" data-description=\"\u00a9Mariazeller B\u00fcrgeralpe\/Fotograf: Rudy Dellinger\" >\n\t\t\t\t\t\t\t\t\t\t\t\t\t\t<img decoding=\"async\" title=\"Tourenschilauf\" alt=\"Tourenschilauf\" src=\"https:\/\/www.buergeralpe.at\/winter\/wp-content\/gallery\/winterfotos\/thumbs\/thumbs_2019-02_Tourenschilauf-0026.jpg?t=1615972720\" width='240' height='160' \/>\n\t\t\t\t\t\t\t\t\t\t\t\t\t<\/a>\n\t\t\t\t\t\t<label><input type=\"checkbox\" name=\"pid[]\" value=\"17\" \/><span>Tourenschilauf<\/span><\/label>\n\t\t\t\t\t<\/div>\n\t\t\t\t<\/div>\n\n\t\t\t\t\t\t\t\t\n\t\t\t\n\t\t\t\t<div id=\"ngg-image-18\" class=\"ngg-gallery-thumbnail-box\"  >\n\t\t\t\t\t<div class=\"ngg-gallery-thumbnail\" >\n\t\t\t\t\t\t<a href=\"https:\/\/www.buergeralpe.at\/winter\/wp-content\/gallery\/winterfotos\/2019-02_Tourenschilauf-0001.jpg?t=1615972720\" title=\"\u00a9Mariazeller B\u00fcrgeralpe\/Fotograf: Rudy Dellinger\" class=\"ngg-simplelightbox\" rel=\"387a93da52fb234cdd540f2ec2066bb7\" data-image-id=\"18\" data-src=\"https:\/\/www.buergeralpe.at\/winter\/wp-content\/gallery\/winterfotos\/2019-02_Tourenschilauf-0001.jpg?t=1615972720\" data-thumbnail=\"https:\/\/www.buergeralpe.at\/winter\/wp-content\/gallery\/winterfotos\/thumbs\/thumbs_2019-02_Tourenschilauf-0001.jpg?t=1615972720\" data-title=\"Tourenschilauf_1\" data-description=\"\u00a9Mariazeller B\u00fcrgeralpe\/Fotograf: Rudy Dellinger\" >\n\t\t\t\t\t\t\t\t\t\t\t\t\t\t<img decoding=\"async\" title=\"Tourenschilauf_1\" alt=\"Tourenschilauf_1\" src=\"https:\/\/www.buergeralpe.at\/winter\/wp-content\/gallery\/winterfotos\/thumbs\/thumbs_2019-02_Tourenschilauf-0001.jpg?t=1615972720\" width='240' height='160' \/>\n\t\t\t\t\t\t\t\t\t\t\t\t\t<\/a>\n\t\t\t\t\t\t<label><input type=\"checkbox\" name=\"pid[]\" value=\"18\" \/><span>Tourenschilauf_1<\/span><\/label>\n\t\t\t\t\t<\/div>\n\t\t\t\t<\/div>\n\n\t\t\t\t\t\t\t\t\n\t\t\t\n\t\t\t<hr class=\"ngg-download-separator\" \/>\n\t\t\t<input class=\"button ngg-download-selectall\" type=\"button\" style=\"display:none\" value=\"alles w\u00e4hlen\" \/>\n\t\t\t<input class=\"button ngg-download-download downloadButton\" type=\"submit\" value=\"Download ausgew\u00e4hlter Bilder\" \/>\n\t\t\t\t\t\t<input class=\"button ngg-download-everything\" type=\"submit\" name=\"download-all\" style=\"display:none\" value=\"Alle Bilder herunterladen\" \/>\n\t\t\t<input type=\"hidden\" name=\"all-id\" value=\"eyJJRCI6IjM4N2E5M2RhNTJmYjIzNGNkZDU0MGYyZWMyMDY2YmI3IiwiY29udGFpbmVyX2lkcyI6WyIzIl0sInJldHVybnMiOiJpbmNsdWRlZCIsInNvdXJjZSI6ImdhbGxlcmllcyJ9\" \/>\n\t\t\t\t\t<\/form>\n\n\t<!-- Pagination -->\n\t<div class='ngg-clear'><\/div>\n\t<\/div>\n\n<\/p>\t\t\t\t\t\t\t\t<\/div>\n\t\t\t\t<\/div>\n\t\t\t\t<div class=\"elementor-element elementor-element-543a8cb elementor-widget elementor-widget-text-editor\" data-id=\"543a8cb\" data-element_type=\"widget\" data-e-type=\"widget\" id=\"extradata2\" data-widget_type=\"text-editor.default\">\n\t\t\t\t<div class=\"elementor-widget-container\">\n\t\t\t\t\t\t\t\t\t<p>\n\t<div class=\"ngg-galleryoverview ngg-download\" id=\"ngg-gallery-bd9b1d90fb79c3af6b18b619bc5624a7-41\">\n\n\t\t<h3>Sommerfotos<\/h3>\n\n\t\t\n\t\t\n\t\t\n\t\t<!-- Thumbnails -->\n\t\t<form action=\"https:\/\/www.buergeralpe.at\/winter\/wp-admin\/admin-ajax.php\" method=\"post\" id=\"ngg-gallery-bd9b1d90fb79c3af6b18b619bc5624a7-41-download-frm\" class=\"ngg-download-frm\">\n\t\t\t<input type=\"hidden\" name=\"action\" value=\"ngg-download-gallery-zip\" \/>\n\t\t\t<input type=\"hidden\" name=\"gallery\" value=\"Sommerfotos\" \/>\n\n\t\t\t\n\t\t\t\t<div id=\"ngg-image-19\" class=\"ngg-gallery-thumbnail-box\"  >\n\t\t\t\t\t<div class=\"ngg-gallery-thumbnail\" >\n\t\t\t\t\t\t<a href=\"https:\/\/www.buergeralpe.at\/winter\/wp-content\/gallery\/sommerfotos\/2020-07-08_Gondel-006.jpg?t=1615972764\" title=\"\u00a9Mariazeller B\u00fcrgeralpe\/Fotograf: Rudy Dellinger\" class=\"ngg-simplelightbox\" rel=\"bd9b1d90fb79c3af6b18b619bc5624a7\" data-image-id=\"19\" data-src=\"https:\/\/www.buergeralpe.at\/winter\/wp-content\/gallery\/sommerfotos\/2020-07-08_Gondel-006.jpg?t=1615972764\" data-thumbnail=\"https:\/\/www.buergeralpe.at\/winter\/wp-content\/gallery\/sommerfotos\/thumbs\/thumbs_2020-07-08_Gondel-006.jpg?t=1615972764\" data-title=\"Gondel-006\" data-description=\"\u00a9Mariazeller B\u00fcrgeralpe\/Fotograf: Rudy Dellinger\" >\n\t\t\t\t\t\t\t\t\t\t\t\t\t\t<img decoding=\"async\" title=\"Gondel-006\" alt=\"Gondel-006\" src=\"https:\/\/www.buergeralpe.at\/winter\/wp-content\/gallery\/sommerfotos\/thumbs\/thumbs_2020-07-08_Gondel-006.jpg?t=1615972764\" width='240' height='160' \/>\n\t\t\t\t\t\t\t\t\t\t\t\t\t<\/a>\n\t\t\t\t\t\t<label><input type=\"checkbox\" name=\"pid[]\" value=\"19\" \/><span>Gondel-006<\/span><\/label>\n\t\t\t\t\t<\/div>\n\t\t\t\t<\/div>\n\n\t\t\t\t\t\t\t\t\n\t\t\t\n\t\t\t\t<div id=\"ngg-image-21\" class=\"ngg-gallery-thumbnail-box\"  >\n\t\t\t\t\t<div class=\"ngg-gallery-thumbnail\" >\n\t\t\t\t\t\t<a href=\"https:\/\/www.buergeralpe.at\/winter\/wp-content\/gallery\/sommerfotos\/2020-07-08_AussichtBerghotel-002.jpg?t=1615972764\" title=\"\u00a9Mariazeller B\u00fcrgeralpe\/Fotograf: Rudy Dellinger\" class=\"ngg-simplelightbox\" rel=\"bd9b1d90fb79c3af6b18b619bc5624a7\" data-image-id=\"21\" data-src=\"https:\/\/www.buergeralpe.at\/winter\/wp-content\/gallery\/sommerfotos\/2020-07-08_AussichtBerghotel-002.jpg?t=1615972764\" data-thumbnail=\"https:\/\/www.buergeralpe.at\/winter\/wp-content\/gallery\/sommerfotos\/thumbs\/thumbs_2020-07-08_AussichtBerghotel-002.jpg?t=1615972764\" data-title=\"AussichtBerghotel-002\" data-description=\"\u00a9Mariazeller B\u00fcrgeralpe\/Fotograf: Rudy Dellinger\" >\n\t\t\t\t\t\t\t\t\t\t\t\t\t\t<img decoding=\"async\" title=\"AussichtBerghotel-002\" alt=\"AussichtBerghotel-002\" src=\"https:\/\/www.buergeralpe.at\/winter\/wp-content\/gallery\/sommerfotos\/thumbs\/thumbs_2020-07-08_AussichtBerghotel-002.jpg?t=1615972764\" width='240' height='160' \/>\n\t\t\t\t\t\t\t\t\t\t\t\t\t<\/a>\n\t\t\t\t\t\t<label><input type=\"checkbox\" name=\"pid[]\" value=\"21\" \/><span>AussichtBerghotel-002<\/span><\/label>\n\t\t\t\t\t<\/div>\n\t\t\t\t<\/div>\n\n\t\t\t\t\t\t\t\t\n\t\t\t\n\t\t\t\t<div id=\"ngg-image-22\" class=\"ngg-gallery-thumbnail-box\"  >\n\t\t\t\t\t<div class=\"ngg-gallery-thumbnail\" >\n\t\t\t\t\t\t<a href=\"https:\/\/www.buergeralpe.at\/winter\/wp-content\/gallery\/sommerfotos\/2020-07-08_GoKart-003.jpg?t=1615972764\" title=\"\u00a9Mariazeller B\u00fcrgeralpe\/Fotograf: Rudy Dellinger\" class=\"ngg-simplelightbox\" rel=\"bd9b1d90fb79c3af6b18b619bc5624a7\" data-image-id=\"22\" data-src=\"https:\/\/www.buergeralpe.at\/winter\/wp-content\/gallery\/sommerfotos\/2020-07-08_GoKart-003.jpg?t=1615972764\" data-thumbnail=\"https:\/\/www.buergeralpe.at\/winter\/wp-content\/gallery\/sommerfotos\/thumbs\/thumbs_2020-07-08_GoKart-003.jpg?t=1615972764\" data-title=\"GoKart-003\" data-description=\"\u00a9Mariazeller B\u00fcrgeralpe\/Fotograf: Rudy Dellinger\" >\n\t\t\t\t\t\t\t\t\t\t\t\t\t\t<img decoding=\"async\" title=\"GoKart-003\" alt=\"GoKart-003\" src=\"https:\/\/www.buergeralpe.at\/winter\/wp-content\/gallery\/sommerfotos\/thumbs\/thumbs_2020-07-08_GoKart-003.jpg?t=1615972764\" width='240' height='160' \/>\n\t\t\t\t\t\t\t\t\t\t\t\t\t<\/a>\n\t\t\t\t\t\t<label><input type=\"checkbox\" name=\"pid[]\" value=\"22\" \/><span>GoKart-003<\/span><\/label>\n\t\t\t\t\t<\/div>\n\t\t\t\t<\/div>\n\n\t\t\t\t\t\t\t\t\n\t\t\t\n\t\t\t\t<div id=\"ngg-image-30\" class=\"ngg-gallery-thumbnail-box\"  >\n\t\t\t\t\t<div class=\"ngg-gallery-thumbnail\" >\n\t\t\t\t\t\t<a href=\"https:\/\/www.buergeralpe.at\/winter\/wp-content\/gallery\/sommerfotos\/2020-07-28_AmBerg-003.jpg?t=1615972765\" title=\"\u00a9Mariazeller B\u00fcrgeralpe\/Fotograf: Rudy Dellinger\" class=\"ngg-simplelightbox\" rel=\"bd9b1d90fb79c3af6b18b619bc5624a7\" data-image-id=\"30\" data-src=\"https:\/\/www.buergeralpe.at\/winter\/wp-content\/gallery\/sommerfotos\/2020-07-28_AmBerg-003.jpg?t=1615972765\" data-thumbnail=\"https:\/\/www.buergeralpe.at\/winter\/wp-content\/gallery\/sommerfotos\/thumbs\/thumbs_2020-07-28_AmBerg-003.jpg?t=1615972765\" data-title=\"AmBerg-003\" data-description=\"\u00a9Mariazeller B\u00fcrgeralpe\/Fotograf: Rudy Dellinger\" >\n\t\t\t\t\t\t\t\t\t\t\t\t\t\t<img decoding=\"async\" title=\"AmBerg-003\" alt=\"AmBerg-003\" src=\"https:\/\/www.buergeralpe.at\/winter\/wp-content\/gallery\/sommerfotos\/thumbs\/thumbs_2020-07-28_AmBerg-003.jpg?t=1615972765\" width='240' height='160' \/>\n\t\t\t\t\t\t\t\t\t\t\t\t\t<\/a>\n\t\t\t\t\t\t<label><input type=\"checkbox\" name=\"pid[]\" value=\"30\" \/><span>AmBerg-003<\/span><\/label>\n\t\t\t\t\t<\/div>\n\t\t\t\t<\/div>\n\n\t\t\t\t\t\t\t\t\n\t\t\t\n\t\t\t\t<div id=\"ngg-image-32\" class=\"ngg-gallery-thumbnail-box\"  >\n\t\t\t\t\t<div class=\"ngg-gallery-thumbnail\" >\n\t\t\t\t\t\t<a href=\"https:\/\/www.buergeralpe.at\/winter\/wp-content\/gallery\/sommerfotos\/2020-07-28_Berghotel-002.jpg?t=1615972765\" title=\"\u00a9Mariazeller B\u00fcrgeralpe\/Fotograf: Rudy Dellinger\" class=\"ngg-simplelightbox\" rel=\"bd9b1d90fb79c3af6b18b619bc5624a7\" data-image-id=\"32\" data-src=\"https:\/\/www.buergeralpe.at\/winter\/wp-content\/gallery\/sommerfotos\/2020-07-28_Berghotel-002.jpg?t=1615972765\" data-thumbnail=\"https:\/\/www.buergeralpe.at\/winter\/wp-content\/gallery\/sommerfotos\/thumbs\/thumbs_2020-07-28_Berghotel-002.jpg?t=1615972765\" data-title=\"Berghotel-002\" data-description=\"\u00a9Mariazeller B\u00fcrgeralpe\/Fotograf: Rudy Dellinger\" >\n\t\t\t\t\t\t\t\t\t\t\t\t\t\t<img decoding=\"async\" title=\"Berghotel-002\" alt=\"Berghotel-002\" src=\"https:\/\/www.buergeralpe.at\/winter\/wp-content\/gallery\/sommerfotos\/thumbs\/thumbs_2020-07-28_Berghotel-002.jpg?t=1615972765\" width='240' height='160' \/>\n\t\t\t\t\t\t\t\t\t\t\t\t\t<\/a>\n\t\t\t\t\t\t<label><input type=\"checkbox\" name=\"pid[]\" value=\"32\" \/><span>Berghotel-002<\/span><\/label>\n\t\t\t\t\t<\/div>\n\t\t\t\t<\/div>\n\n\t\t\t\t\t\t\t\t\n\t\t\t\n\t\t\t\t<div id=\"ngg-image-33\" class=\"ngg-gallery-thumbnail-box\"  >\n\t\t\t\t\t<div class=\"ngg-gallery-thumbnail\" >\n\t\t\t\t\t\t<a href=\"https:\/\/www.buergeralpe.at\/winter\/wp-content\/gallery\/sommerfotos\/2020-07-28_Gondel_Berg-013.jpg?t=1615972765\" title=\"\u00a9Mariazeller B\u00fcrgeralpe\/Fotograf: Rudy Dellinger\" class=\"ngg-simplelightbox\" rel=\"bd9b1d90fb79c3af6b18b619bc5624a7\" data-image-id=\"33\" data-src=\"https:\/\/www.buergeralpe.at\/winter\/wp-content\/gallery\/sommerfotos\/2020-07-28_Gondel_Berg-013.jpg?t=1615972765\" data-thumbnail=\"https:\/\/www.buergeralpe.at\/winter\/wp-content\/gallery\/sommerfotos\/thumbs\/thumbs_2020-07-28_Gondel_Berg-013.jpg?t=1615972765\" data-title=\"Gondel_Berg-013\" data-description=\"\u00a9Mariazeller B\u00fcrgeralpe\/Fotograf: Rudy Dellinger\" >\n\t\t\t\t\t\t\t\t\t\t\t\t\t\t<img decoding=\"async\" title=\"Gondel_Berg-013\" alt=\"Gondel_Berg-013\" src=\"https:\/\/www.buergeralpe.at\/winter\/wp-content\/gallery\/sommerfotos\/thumbs\/thumbs_2020-07-28_Gondel_Berg-013.jpg?t=1615972765\" width='240' height='160' \/>\n\t\t\t\t\t\t\t\t\t\t\t\t\t<\/a>\n\t\t\t\t\t\t<label><input type=\"checkbox\" name=\"pid[]\" value=\"33\" \/><span>Gondel_Berg-013<\/span><\/label>\n\t\t\t\t\t<\/div>\n\t\t\t\t<\/div>\n\n\t\t\t\t\t\t\t\t\n\t\t\t\n\t\t\t\t<div id=\"ngg-image-36\" class=\"ngg-gallery-thumbnail-box\"  >\n\t\t\t\t\t<div class=\"ngg-gallery-thumbnail\" >\n\t\t\t\t\t\t<a href=\"https:\/\/www.buergeralpe.at\/winter\/wp-content\/gallery\/sommerfotos\/2020-07-28_Gondel_Berg-023.jpg?t=1615972765\" title=\"\u00a9Mariazeller B\u00fcrgeralpe\/Fotograf: Rudy Dellinger\" class=\"ngg-simplelightbox\" rel=\"bd9b1d90fb79c3af6b18b619bc5624a7\" data-image-id=\"36\" data-src=\"https:\/\/www.buergeralpe.at\/winter\/wp-content\/gallery\/sommerfotos\/2020-07-28_Gondel_Berg-023.jpg?t=1615972765\" data-thumbnail=\"https:\/\/www.buergeralpe.at\/winter\/wp-content\/gallery\/sommerfotos\/thumbs\/thumbs_2020-07-28_Gondel_Berg-023.jpg?t=1615972765\" data-title=\"Gondel_Berg-023\" data-description=\"\u00a9Mariazeller B\u00fcrgeralpe\/Fotograf: Rudy Dellinger\" >\n\t\t\t\t\t\t\t\t\t\t\t\t\t\t<img decoding=\"async\" title=\"Gondel_Berg-023\" alt=\"Gondel_Berg-023\" src=\"https:\/\/www.buergeralpe.at\/winter\/wp-content\/gallery\/sommerfotos\/thumbs\/thumbs_2020-07-28_Gondel_Berg-023.jpg?t=1615972765\" width='240' height='160' \/>\n\t\t\t\t\t\t\t\t\t\t\t\t\t<\/a>\n\t\t\t\t\t\t<label><input type=\"checkbox\" name=\"pid[]\" value=\"36\" \/><span>Gondel_Berg-023<\/span><\/label>\n\t\t\t\t\t<\/div>\n\t\t\t\t<\/div>\n\n\t\t\t\t\t\t\t\t\n\t\t\t\n\t\t\t\t<div id=\"ngg-image-37\" class=\"ngg-gallery-thumbnail-box\"  >\n\t\t\t\t\t<div class=\"ngg-gallery-thumbnail\" >\n\t\t\t\t\t\t<a href=\"https:\/\/www.buergeralpe.at\/winter\/wp-content\/gallery\/sommerfotos\/2020-07-28_Gondel_Tal-002.jpg?t=1615972765\" title=\"\u00a9Mariazeller B\u00fcrgeralpe\/Fotograf: Rudy Dellinger\" class=\"ngg-simplelightbox\" rel=\"bd9b1d90fb79c3af6b18b619bc5624a7\" data-image-id=\"37\" data-src=\"https:\/\/www.buergeralpe.at\/winter\/wp-content\/gallery\/sommerfotos\/2020-07-28_Gondel_Tal-002.jpg?t=1615972765\" data-thumbnail=\"https:\/\/www.buergeralpe.at\/winter\/wp-content\/gallery\/sommerfotos\/thumbs\/thumbs_2020-07-28_Gondel_Tal-002.jpg?t=1615972765\" data-title=\"Gondel_Tal-002\" data-description=\"\u00a9Mariazeller B\u00fcrgeralpe\/Fotograf: Rudy Dellinger\" >\n\t\t\t\t\t\t\t\t\t\t\t\t\t\t<img decoding=\"async\" title=\"Gondel_Tal-002\" alt=\"Gondel_Tal-002\" src=\"https:\/\/www.buergeralpe.at\/winter\/wp-content\/gallery\/sommerfotos\/thumbs\/thumbs_2020-07-28_Gondel_Tal-002.jpg?t=1615972765\" width='240' height='160' \/>\n\t\t\t\t\t\t\t\t\t\t\t\t\t<\/a>\n\t\t\t\t\t\t<label><input type=\"checkbox\" name=\"pid[]\" value=\"37\" \/><span>Gondel_Tal-002<\/span><\/label>\n\t\t\t\t\t<\/div>\n\t\t\t\t<\/div>\n\n\t\t\t\t\t\t\t\t\n\t\t\t\n\t\t\t\t<div id=\"ngg-image-38\" class=\"ngg-gallery-thumbnail-box\"  >\n\t\t\t\t\t<div class=\"ngg-gallery-thumbnail\" >\n\t\t\t\t\t\t<a href=\"https:\/\/www.buergeralpe.at\/winter\/wp-content\/gallery\/sommerfotos\/2020-07-28_Station_Berg-011.jpg?t=1615972765\" title=\"\u00a9Mariazeller B\u00fcrgeralpe\/Fotograf: Rudy Dellinger\" class=\"ngg-simplelightbox\" rel=\"bd9b1d90fb79c3af6b18b619bc5624a7\" data-image-id=\"38\" data-src=\"https:\/\/www.buergeralpe.at\/winter\/wp-content\/gallery\/sommerfotos\/2020-07-28_Station_Berg-011.jpg?t=1615972765\" data-thumbnail=\"https:\/\/www.buergeralpe.at\/winter\/wp-content\/gallery\/sommerfotos\/thumbs\/thumbs_2020-07-28_Station_Berg-011.jpg?t=1615972765\" data-title=\"Station_Berg-011\" data-description=\"\u00a9Mariazeller B\u00fcrgeralpe\/Fotograf: Rudy Dellinger\" >\n\t\t\t\t\t\t\t\t\t\t\t\t\t\t<img decoding=\"async\" title=\"Station_Berg-011\" alt=\"Station_Berg-011\" src=\"https:\/\/www.buergeralpe.at\/winter\/wp-content\/gallery\/sommerfotos\/thumbs\/thumbs_2020-07-28_Station_Berg-011.jpg?t=1615972765\" width='240' height='160' \/>\n\t\t\t\t\t\t\t\t\t\t\t\t\t<\/a>\n\t\t\t\t\t\t<label><input type=\"checkbox\" name=\"pid[]\" value=\"38\" \/><span>Station_Berg-011<\/span><\/label>\n\t\t\t\t\t<\/div>\n\t\t\t\t<\/div>\n\n\t\t\t\t\t\t\t\t\n\t\t\t\n\t\t\t\t<div id=\"ngg-image-40\" class=\"ngg-gallery-thumbnail-box\"  >\n\t\t\t\t\t<div class=\"ngg-gallery-thumbnail\" >\n\t\t\t\t\t\t<a href=\"https:\/\/www.buergeralpe.at\/winter\/wp-content\/gallery\/sommerfotos\/2020-08-14_Family_Aussichtswarte-007.jpg?t=1615972765\" title=\"\u00a9Mariazeller B\u00fcrgeralpe\/Fotograf: Rudy Dellinger\" class=\"ngg-simplelightbox\" rel=\"bd9b1d90fb79c3af6b18b619bc5624a7\" data-image-id=\"40\" data-src=\"https:\/\/www.buergeralpe.at\/winter\/wp-content\/gallery\/sommerfotos\/2020-08-14_Family_Aussichtswarte-007.jpg?t=1615972765\" data-thumbnail=\"https:\/\/www.buergeralpe.at\/winter\/wp-content\/gallery\/sommerfotos\/thumbs\/thumbs_2020-08-14_Family_Aussichtswarte-007.jpg?t=1615972765\" data-title=\"Aussichtswarte-007\" data-description=\"\u00a9Mariazeller B\u00fcrgeralpe\/Fotograf: Rudy Dellinger\" >\n\t\t\t\t\t\t\t\t\t\t\t\t\t\t<img decoding=\"async\" title=\"Aussichtswarte-007\" alt=\"Aussichtswarte-007\" src=\"https:\/\/www.buergeralpe.at\/winter\/wp-content\/gallery\/sommerfotos\/thumbs\/thumbs_2020-08-14_Family_Aussichtswarte-007.jpg?t=1615972765\" width='240' height='160' \/>\n\t\t\t\t\t\t\t\t\t\t\t\t\t<\/a>\n\t\t\t\t\t\t<label><input type=\"checkbox\" name=\"pid[]\" value=\"40\" \/><span>Aussichtswarte-007<\/span><\/label>\n\t\t\t\t\t<\/div>\n\t\t\t\t<\/div>\n\n\t\t\t\t\t\t\t\t\n\t\t\t\n\t\t\t\t<div id=\"ngg-image-41\" class=\"ngg-gallery-thumbnail-box\"  >\n\t\t\t\t\t<div class=\"ngg-gallery-thumbnail\" >\n\t\t\t\t\t\t<a href=\"https:\/\/www.buergeralpe.at\/winter\/wp-content\/gallery\/sommerfotos\/2020-07-28_Gondel_Tal-011.jpg?t=1615972765\" title=\"\u00a9Mariazeller B\u00fcrgeralpe\/Fotograf: Rudy Dellinger\" class=\"ngg-simplelightbox\" rel=\"bd9b1d90fb79c3af6b18b619bc5624a7\" data-image-id=\"41\" data-src=\"https:\/\/www.buergeralpe.at\/winter\/wp-content\/gallery\/sommerfotos\/2020-07-28_Gondel_Tal-011.jpg?t=1615972765\" data-thumbnail=\"https:\/\/www.buergeralpe.at\/winter\/wp-content\/gallery\/sommerfotos\/thumbs\/thumbs_2020-07-28_Gondel_Tal-011.jpg?t=1615972765\" data-title=\"Gondel_Tal-011\" data-description=\"\u00a9Mariazeller B\u00fcrgeralpe\/Fotograf: Rudy Dellinger\" >\n\t\t\t\t\t\t\t\t\t\t\t\t\t\t<img decoding=\"async\" title=\"Gondel_Tal-011\" alt=\"Gondel_Tal-011\" src=\"https:\/\/www.buergeralpe.at\/winter\/wp-content\/gallery\/sommerfotos\/thumbs\/thumbs_2020-07-28_Gondel_Tal-011.jpg?t=1615972765\" width='240' height='160' \/>\n\t\t\t\t\t\t\t\t\t\t\t\t\t<\/a>\n\t\t\t\t\t\t<label><input type=\"checkbox\" name=\"pid[]\" value=\"41\" \/><span>Gondel_Tal-011<\/span><\/label>\n\t\t\t\t\t<\/div>\n\t\t\t\t<\/div>\n\n\t\t\t\t\t\t\t\t\n\t\t\t\n\t\t\t\t<div id=\"ngg-image-42\" class=\"ngg-gallery-thumbnail-box\"  >\n\t\t\t\t\t<div class=\"ngg-gallery-thumbnail\" >\n\t\t\t\t\t\t<a href=\"https:\/\/www.buergeralpe.at\/winter\/wp-content\/gallery\/sommerfotos\/2020-07-28_Station_Tal-002.jpg?t=1615972765\" title=\"\u00a9Mariazeller B\u00fcrgeralpe\/Fotograf: Rudy Dellinger\" class=\"ngg-simplelightbox\" rel=\"bd9b1d90fb79c3af6b18b619bc5624a7\" data-image-id=\"42\" data-src=\"https:\/\/www.buergeralpe.at\/winter\/wp-content\/gallery\/sommerfotos\/2020-07-28_Station_Tal-002.jpg?t=1615972765\" data-thumbnail=\"https:\/\/www.buergeralpe.at\/winter\/wp-content\/gallery\/sommerfotos\/thumbs\/thumbs_2020-07-28_Station_Tal-002.jpg?t=1615972765\" data-title=\"Station_Tal-002\" data-description=\"\u00a9Mariazeller B\u00fcrgeralpe\/Fotograf: Rudy Dellinger\" >\n\t\t\t\t\t\t\t\t\t\t\t\t\t\t<img decoding=\"async\" title=\"Station_Tal-002\" alt=\"Station_Tal-002\" src=\"https:\/\/www.buergeralpe.at\/winter\/wp-content\/gallery\/sommerfotos\/thumbs\/thumbs_2020-07-28_Station_Tal-002.jpg?t=1615972765\" width='240' height='160' \/>\n\t\t\t\t\t\t\t\t\t\t\t\t\t<\/a>\n\t\t\t\t\t\t<label><input type=\"checkbox\" name=\"pid[]\" value=\"42\" \/><span>Station_Tal-002<\/span><\/label>\n\t\t\t\t\t<\/div>\n\t\t\t\t<\/div>\n\n\t\t\t\t\t\t\t\t\n\t\t\t\n\t\t\t\t<div id=\"ngg-image-46\" class=\"ngg-gallery-thumbnail-box\"  >\n\t\t\t\t\t<div class=\"ngg-gallery-thumbnail\" >\n\t\t\t\t\t\t<a href=\"https:\/\/www.buergeralpe.at\/winter\/wp-content\/gallery\/sommerfotos\/2020-09-05_Aussichtswarte-003.jpg?t=1615972765\" title=\"\u00a9Mariazeller B\u00fcrgeralpe\/Fotograf: Rudy Dellinger\" class=\"ngg-simplelightbox\" rel=\"bd9b1d90fb79c3af6b18b619bc5624a7\" data-image-id=\"46\" data-src=\"https:\/\/www.buergeralpe.at\/winter\/wp-content\/gallery\/sommerfotos\/2020-09-05_Aussichtswarte-003.jpg?t=1615972765\" data-thumbnail=\"https:\/\/www.buergeralpe.at\/winter\/wp-content\/gallery\/sommerfotos\/thumbs\/thumbs_2020-09-05_Aussichtswarte-003.jpg?t=1615972765\" data-title=\"2020-09-05_Aussichtswarte-003\" data-description=\"\u00a9Mariazeller B\u00fcrgeralpe\/Fotograf: Rudy Dellinger\" >\n\t\t\t\t\t\t\t\t\t\t\t\t\t\t<img decoding=\"async\" title=\"2020-09-05_Aussichtswarte-003\" alt=\"2020-09-05_Aussichtswarte-003\" src=\"https:\/\/www.buergeralpe.at\/winter\/wp-content\/gallery\/sommerfotos\/thumbs\/thumbs_2020-09-05_Aussichtswarte-003.jpg?t=1615972765\" width='240' height='160' \/>\n\t\t\t\t\t\t\t\t\t\t\t\t\t<\/a>\n\t\t\t\t\t\t<label><input type=\"checkbox\" name=\"pid[]\" value=\"46\" \/><span>2020-09-05_Aussichtswarte-003<\/span><\/label>\n\t\t\t\t\t<\/div>\n\t\t\t\t<\/div>\n\n\t\t\t\t\t\t\t\t\n\t\t\t\n\t\t\t\t<div id=\"ngg-image-62\" class=\"ngg-gallery-thumbnail-box\"  >\n\t\t\t\t\t<div class=\"ngg-gallery-thumbnail\" >\n\t\t\t\t\t\t<a href=\"https:\/\/www.buergeralpe.at\/winter\/wp-content\/gallery\/sommerfotos\/Erzherzog-Johann-Warte.jpg?t=1623139940\" title=\" \" class=\"ngg-simplelightbox\" rel=\"bd9b1d90fb79c3af6b18b619bc5624a7\" data-image-id=\"62\" data-src=\"https:\/\/www.buergeralpe.at\/winter\/wp-content\/gallery\/sommerfotos\/Erzherzog-Johann-Warte.jpg?t=1623139940\" data-thumbnail=\"https:\/\/www.buergeralpe.at\/winter\/wp-content\/gallery\/sommerfotos\/thumbs\/thumbs_Erzherzog-Johann-Warte.jpg?t=1623139940\" data-title=\"Erzherzog-Johann-Warte\" data-description=\" \" >\n\t\t\t\t\t\t\t\t\t\t\t\t\t\t<img decoding=\"async\" title=\"Erzherzog-Johann-Warte\" alt=\"Erzherzog-Johann-Warte\" src=\"https:\/\/www.buergeralpe.at\/winter\/wp-content\/gallery\/sommerfotos\/thumbs\/thumbs_Erzherzog-Johann-Warte.jpg?t=1623139940\" width='240' height='160' \/>\n\t\t\t\t\t\t\t\t\t\t\t\t\t<\/a>\n\t\t\t\t\t\t<label><input type=\"checkbox\" name=\"pid[]\" value=\"62\" \/><span>Erzherzog-Johann-Warte<\/span><\/label>\n\t\t\t\t\t<\/div>\n\t\t\t\t<\/div>\n\n\t\t\t\t\t\t\t\t\n\t\t\t\n\t\t\t\t<div id=\"ngg-image-39\" class=\"ngg-gallery-thumbnail-box\"  >\n\t\t\t\t\t<div class=\"ngg-gallery-thumbnail\" >\n\t\t\t\t\t\t<a href=\"https:\/\/www.buergeralpe.at\/winter\/wp-content\/gallery\/sommerfotos\/2020-08-14_Family_Arche-011.jpg?t=1615972765\" title=\"\u00a9Mariazeller B\u00fcrgeralpe\/Fotograf: Rudy Dellinger\" class=\"ngg-simplelightbox\" rel=\"bd9b1d90fb79c3af6b18b619bc5624a7\" data-image-id=\"39\" data-src=\"https:\/\/www.buergeralpe.at\/winter\/wp-content\/gallery\/sommerfotos\/2020-08-14_Family_Arche-011.jpg?t=1615972765\" data-thumbnail=\"https:\/\/www.buergeralpe.at\/winter\/wp-content\/gallery\/sommerfotos\/thumbs\/thumbs_2020-08-14_Family_Arche-011.jpg?t=1615972765\" data-title=\"Family_Arche-011\" data-description=\"\u00a9Mariazeller B\u00fcrgeralpe\/Fotograf: Rudy Dellinger\" >\n\t\t\t\t\t\t\t\t\t\t\t\t\t\t<img decoding=\"async\" title=\"Family_Arche-011\" alt=\"Family_Arche-011\" src=\"https:\/\/www.buergeralpe.at\/winter\/wp-content\/gallery\/sommerfotos\/thumbs\/thumbs_2020-08-14_Family_Arche-011.jpg?t=1615972765\" width='240' height='160' \/>\n\t\t\t\t\t\t\t\t\t\t\t\t\t<\/a>\n\t\t\t\t\t\t<label><input type=\"checkbox\" name=\"pid[]\" value=\"39\" \/><span>Family_Arche-011<\/span><\/label>\n\t\t\t\t\t<\/div>\n\t\t\t\t<\/div>\n\n\t\t\t\t\t\t\t\t\n\t\t\t\n\t\t\t\t<div id=\"ngg-image-43\" class=\"ngg-gallery-thumbnail-box\"  >\n\t\t\t\t\t<div class=\"ngg-gallery-thumbnail\" >\n\t\t\t\t\t\t<a href=\"https:\/\/www.buergeralpe.at\/winter\/wp-content\/gallery\/sommerfotos\/2020-08-14_Family_Berghotel-003.jpg?t=1615972765\" title=\"\u00a9Mariazeller B\u00fcrgeralpe\/Fotograf: Rudy Dellinger\" class=\"ngg-simplelightbox\" rel=\"bd9b1d90fb79c3af6b18b619bc5624a7\" data-image-id=\"43\" data-src=\"https:\/\/www.buergeralpe.at\/winter\/wp-content\/gallery\/sommerfotos\/2020-08-14_Family_Berghotel-003.jpg?t=1615972765\" data-thumbnail=\"https:\/\/www.buergeralpe.at\/winter\/wp-content\/gallery\/sommerfotos\/thumbs\/thumbs_2020-08-14_Family_Berghotel-003.jpg?t=1615972765\" data-title=\"Family_Berghotel-003\" data-description=\"\u00a9Mariazeller B\u00fcrgeralpe\/Fotograf: Rudy Dellinger\" >\n\t\t\t\t\t\t\t\t\t\t\t\t\t\t<img decoding=\"async\" title=\"Family_Berghotel-003\" alt=\"Family_Berghotel-003\" src=\"https:\/\/www.buergeralpe.at\/winter\/wp-content\/gallery\/sommerfotos\/thumbs\/thumbs_2020-08-14_Family_Berghotel-003.jpg?t=1615972765\" width='240' height='160' \/>\n\t\t\t\t\t\t\t\t\t\t\t\t\t<\/a>\n\t\t\t\t\t\t<label><input type=\"checkbox\" name=\"pid[]\" value=\"43\" \/><span>Family_Berghotel-003<\/span><\/label>\n\t\t\t\t\t<\/div>\n\t\t\t\t<\/div>\n\n\t\t\t\t\t\t\t\t\n\t\t\t\n\t\t\t<hr class=\"ngg-download-separator\" \/>\n\t\t\t<input class=\"button ngg-download-selectall\" type=\"button\" style=\"display:none\" value=\"alles w\u00e4hlen\" \/>\n\t\t\t<input class=\"button ngg-download-download downloadButton\" type=\"submit\" value=\"Download ausgew\u00e4hlter Bilder\" \/>\n\t\t\t\t\t\t<input class=\"button ngg-download-everything\" type=\"submit\" name=\"download-all\" style=\"display:none\" value=\"Alle Bilder herunterladen\" \/>\n\t\t\t<input type=\"hidden\" name=\"all-id\" value=\"eyJJRCI6ImJkOWIxZDkwZmI3OWMzYWY2YjE4YjYxOWJjNTYyNGE3IiwiY29udGFpbmVyX2lkcyI6WyI0Il0sInJldHVybnMiOiJpbmNsdWRlZCIsInNvdXJjZSI6ImdhbGxlcmllcyJ9\" \/>\n\t\t\t\t\t<\/form>\n\n\t<!-- Pagination -->\n\t<div class='ngg-clear'><\/div>\n\t<\/div>\n\n<\/p>\t\t\t\t\t\t\t\t<\/div>\n\t\t\t\t<\/div>\n\t\t\t\t\t<\/div>\n\t\t<\/div>\n\t\t\t\t\t<\/div>\n\t\t<\/section>\n\t\t\t\t<section class=\"elementor-section elementor-top-section elementor-element elementor-element-9c526c0 elementor-section-boxed elementor-section-height-default elementor-section-height-default\" data-id=\"9c526c0\" data-element_type=\"section\" data-e-type=\"section\">\n\t\t\t\t\t\t<div class=\"elementor-container elementor-column-gap-default\">\n\t\t\t\t\t<div class=\"elementor-column elementor-col-100 elementor-top-column elementor-element elementor-element-50d5516\" data-id=\"50d5516\" data-element_type=\"column\" data-e-type=\"column\">\n\t\t\t<div class=\"elementor-widget-wrap elementor-element-populated\">\n\t\t\t\t\t\t<div class=\"elementor-element elementor-element-b515186 elementor-widget elementor-widget-text-editor\" data-id=\"b515186\" data-element_type=\"widget\" data-e-type=\"widget\" data-widget_type=\"text-editor.default\">\n\t\t\t\t<div class=\"elementor-widget-container\">\n\t\t\t\t\t\t\t\t\t\n\t<div class=\"ngg-galleryoverview ngg-download\" id=\"ngg-gallery-966b2ceb62aad0eee216a718df45d791-41\">\n\n\t\t<h3>Bergabenteuer<\/h3>\n\n\t\t\n\t\t\n\t\t\n\t\t<!-- Thumbnails -->\n\t\t<form action=\"https:\/\/www.buergeralpe.at\/winter\/wp-admin\/admin-ajax.php\" method=\"post\" id=\"ngg-gallery-966b2ceb62aad0eee216a718df45d791-41-download-frm\" class=\"ngg-download-frm\">\n\t\t\t<input type=\"hidden\" name=\"action\" value=\"ngg-download-gallery-zip\" \/>\n\t\t\t<input type=\"hidden\" name=\"gallery\" value=\"Bergabenteuer\" \/>\n\n\t\t\t\n\t\t\t\t<div id=\"ngg-image-67\" class=\"ngg-gallery-thumbnail-box\"  >\n\t\t\t\t\t<div class=\"ngg-gallery-thumbnail\" >\n\t\t\t\t\t\t<a href=\"https:\/\/www.buergeralpe.at\/winter\/wp-content\/gallery\/bergabenteuer\/2020-07-08_Holzknechtland-001.jpg?t=1624869430\" title=\"\u00a9Mariazeller B\u00fcrgeralpe\/Fotograf: Rudy Dellinger\" class=\"ngg-simplelightbox\" rel=\"966b2ceb62aad0eee216a718df45d791\" data-image-id=\"67\" data-src=\"https:\/\/www.buergeralpe.at\/winter\/wp-content\/gallery\/bergabenteuer\/2020-07-08_Holzknechtland-001.jpg?t=1624869430\" data-thumbnail=\"https:\/\/www.buergeralpe.at\/winter\/wp-content\/gallery\/bergabenteuer\/thumbs\/thumbs_2020-07-08_Holzknechtland-001.jpg?t=1624869430\" data-title=\"Holzknechtland-001\" data-description=\"\u00a9Mariazeller B\u00fcrgeralpe\/Fotograf: Rudy Dellinger\" >\n\t\t\t\t\t\t\t\t\t\t\t\t\t\t<img decoding=\"async\" title=\"Holzknechtland-001\" alt=\"Holzknechtland-001\" src=\"https:\/\/www.buergeralpe.at\/winter\/wp-content\/gallery\/bergabenteuer\/thumbs\/thumbs_2020-07-08_Holzknechtland-001.jpg?t=1624869430\" width='240' height='160' \/>\n\t\t\t\t\t\t\t\t\t\t\t\t\t<\/a>\n\t\t\t\t\t\t<label><input type=\"checkbox\" name=\"pid[]\" value=\"67\" \/><span>Holzknechtland-001<\/span><\/label>\n\t\t\t\t\t<\/div>\n\t\t\t\t<\/div>\n\n\t\t\t\t\t\t\t\t\n\t\t\t\n\t\t\t\t<div id=\"ngg-image-69\" class=\"ngg-gallery-thumbnail-box\"  >\n\t\t\t\t\t<div class=\"ngg-gallery-thumbnail\" >\n\t\t\t\t\t\t<a href=\"https:\/\/www.buergeralpe.at\/winter\/wp-content\/gallery\/bergabenteuer\/2020-07-08_Holzknechtland-004.jpg?t=1624869430\" title=\"\u00a9Mariazeller B\u00fcrgeralpe\/Fotograf: Rudy Dellinger\" class=\"ngg-simplelightbox\" rel=\"966b2ceb62aad0eee216a718df45d791\" data-image-id=\"69\" data-src=\"https:\/\/www.buergeralpe.at\/winter\/wp-content\/gallery\/bergabenteuer\/2020-07-08_Holzknechtland-004.jpg?t=1624869430\" data-thumbnail=\"https:\/\/www.buergeralpe.at\/winter\/wp-content\/gallery\/bergabenteuer\/thumbs\/thumbs_2020-07-08_Holzknechtland-004.jpg?t=1624869430\" data-title=\"Holzknechtland-Holzstamm\" data-description=\"\u00a9Mariazeller B\u00fcrgeralpe\/Fotograf: Rudy Dellinger\" >\n\t\t\t\t\t\t\t\t\t\t\t\t\t\t<img decoding=\"async\" title=\"Holzknechtland-Holzstamm\" alt=\"Holzknechtland-Holzstamm\" src=\"https:\/\/www.buergeralpe.at\/winter\/wp-content\/gallery\/bergabenteuer\/thumbs\/thumbs_2020-07-08_Holzknechtland-004.jpg?t=1624869430\" width='240' height='160' \/>\n\t\t\t\t\t\t\t\t\t\t\t\t\t<\/a>\n\t\t\t\t\t\t<label><input type=\"checkbox\" name=\"pid[]\" value=\"69\" \/><span>Holzknechtland-Holzstamm<\/span><\/label>\n\t\t\t\t\t<\/div>\n\t\t\t\t<\/div>\n\n\t\t\t\t\t\t\t\t\n\t\t\t\n\t\t\t\t<div id=\"ngg-image-65\" class=\"ngg-gallery-thumbnail-box\"  >\n\t\t\t\t\t<div class=\"ngg-gallery-thumbnail\" >\n\t\t\t\t\t\t<a href=\"https:\/\/www.buergeralpe.at\/winter\/wp-content\/gallery\/bergabenteuer\/2020-07-08_HolzknechtlandHolzwerkstatt-001.jpg?t=1624869430\" title=\"\u00a9Mariazeller B\u00fcrgeralpe\/Fotograf: Rudy Dellinger\" class=\"ngg-simplelightbox\" rel=\"966b2ceb62aad0eee216a718df45d791\" data-image-id=\"65\" data-src=\"https:\/\/www.buergeralpe.at\/winter\/wp-content\/gallery\/bergabenteuer\/2020-07-08_HolzknechtlandHolzwerkstatt-001.jpg?t=1624869430\" data-thumbnail=\"https:\/\/www.buergeralpe.at\/winter\/wp-content\/gallery\/bergabenteuer\/thumbs\/thumbs_2020-07-08_HolzknechtlandHolzwerkstatt-001.jpg?t=1624869430\" data-title=\"Holzknechtland Holzwerkstatt-001\" data-description=\"\u00a9Mariazeller B\u00fcrgeralpe\/Fotograf: Rudy Dellinger\" >\n\t\t\t\t\t\t\t\t\t\t\t\t\t\t<img decoding=\"async\" title=\"Holzknechtland Holzwerkstatt-001\" alt=\"Holzknechtland Holzwerkstatt-001\" src=\"https:\/\/www.buergeralpe.at\/winter\/wp-content\/gallery\/bergabenteuer\/thumbs\/thumbs_2020-07-08_HolzknechtlandHolzwerkstatt-001.jpg?t=1624869430\" width='240' height='160' \/>\n\t\t\t\t\t\t\t\t\t\t\t\t\t<\/a>\n\t\t\t\t\t\t<label><input type=\"checkbox\" name=\"pid[]\" value=\"65\" \/><span>Holzknechtland Holzwerkstatt-001<\/span><\/label>\n\t\t\t\t\t<\/div>\n\t\t\t\t<\/div>\n\n\t\t\t\t\t\t\t\t\n\t\t\t\n\t\t\t\t<div id=\"ngg-image-71\" class=\"ngg-gallery-thumbnail-box\"  >\n\t\t\t\t\t<div class=\"ngg-gallery-thumbnail\" >\n\t\t\t\t\t\t<a href=\"https:\/\/www.buergeralpe.at\/winter\/wp-content\/gallery\/bergabenteuer\/2020-07-08_HolzknechtlandTriften-001.jpg?t=1624869430\" title=\"\u00a9Mariazeller B\u00fcrgeralpe\/Fotograf: Rudy Dellinger\" class=\"ngg-simplelightbox\" rel=\"966b2ceb62aad0eee216a718df45d791\" data-image-id=\"71\" data-src=\"https:\/\/www.buergeralpe.at\/winter\/wp-content\/gallery\/bergabenteuer\/2020-07-08_HolzknechtlandTriften-001.jpg?t=1624869430\" data-thumbnail=\"https:\/\/www.buergeralpe.at\/winter\/wp-content\/gallery\/bergabenteuer\/thumbs\/thumbs_2020-07-08_HolzknechtlandTriften-001.jpg?t=1624869430\" data-title=\"Holzknechtland-Triften-001\" data-description=\"\u00a9Mariazeller B\u00fcrgeralpe\/Fotograf: Rudy Dellinger\" >\n\t\t\t\t\t\t\t\t\t\t\t\t\t\t<img decoding=\"async\" title=\"Holzknechtland-Triften-001\" alt=\"Holzknechtland-Triften-001\" src=\"https:\/\/www.buergeralpe.at\/winter\/wp-content\/gallery\/bergabenteuer\/thumbs\/thumbs_2020-07-08_HolzknechtlandTriften-001.jpg?t=1624869430\" width='240' height='160' \/>\n\t\t\t\t\t\t\t\t\t\t\t\t\t<\/a>\n\t\t\t\t\t\t<label><input type=\"checkbox\" name=\"pid[]\" value=\"71\" \/><span>Holzknechtland-Triften-001<\/span><\/label>\n\t\t\t\t\t<\/div>\n\t\t\t\t<\/div>\n\n\t\t\t\t\t\t\t\t\n\t\t\t\n\t\t\t\t<div id=\"ngg-image-70\" class=\"ngg-gallery-thumbnail-box\"  >\n\t\t\t\t\t<div class=\"ngg-gallery-thumbnail\" >\n\t\t\t\t\t\t<a href=\"https:\/\/www.buergeralpe.at\/winter\/wp-content\/gallery\/bergabenteuer\/2020-07-08_HolzknechtlandTriften-002.jpg?t=1624869430\" title=\"\u00a9Mariazeller B\u00fcrgeralpe\/Fotograf: Rudy Dellinger\" class=\"ngg-simplelightbox\" rel=\"966b2ceb62aad0eee216a718df45d791\" data-image-id=\"70\" data-src=\"https:\/\/www.buergeralpe.at\/winter\/wp-content\/gallery\/bergabenteuer\/2020-07-08_HolzknechtlandTriften-002.jpg?t=1624869430\" data-thumbnail=\"https:\/\/www.buergeralpe.at\/winter\/wp-content\/gallery\/bergabenteuer\/thumbs\/thumbs_2020-07-08_HolzknechtlandTriften-002.jpg?t=1624869430\" data-title=\"Holzknechtland-Triften-002\" data-description=\"\u00a9Mariazeller B\u00fcrgeralpe\/Fotograf: Rudy Dellinger\" >\n\t\t\t\t\t\t\t\t\t\t\t\t\t\t<img decoding=\"async\" title=\"Holzknechtland-Triften-002\" alt=\"Holzknechtland-Triften-002\" src=\"https:\/\/www.buergeralpe.at\/winter\/wp-content\/gallery\/bergabenteuer\/thumbs\/thumbs_2020-07-08_HolzknechtlandTriften-002.jpg?t=1624869430\" width='240' height='160' \/>\n\t\t\t\t\t\t\t\t\t\t\t\t\t<\/a>\n\t\t\t\t\t\t<label><input type=\"checkbox\" name=\"pid[]\" value=\"70\" \/><span>Holzknechtland-Triften-002<\/span><\/label>\n\t\t\t\t\t<\/div>\n\t\t\t\t<\/div>\n\n\t\t\t\t\t\t\t\t\n\t\t\t\n\t\t\t\t<div id=\"ngg-image-72\" class=\"ngg-gallery-thumbnail-box\"  >\n\t\t\t\t\t<div class=\"ngg-gallery-thumbnail\" >\n\t\t\t\t\t\t<a href=\"https:\/\/www.buergeralpe.at\/winter\/wp-content\/gallery\/bergabenteuer\/2020-07-08_HolzknechtlandSlackline-002.jpg?t=1624869430\" title=\"\u00a9Mariazeller B\u00fcrgeralpe\/Fotograf: Rudy Dellinger\" class=\"ngg-simplelightbox\" rel=\"966b2ceb62aad0eee216a718df45d791\" data-image-id=\"72\" data-src=\"https:\/\/www.buergeralpe.at\/winter\/wp-content\/gallery\/bergabenteuer\/2020-07-08_HolzknechtlandSlackline-002.jpg?t=1624869430\" data-thumbnail=\"https:\/\/www.buergeralpe.at\/winter\/wp-content\/gallery\/bergabenteuer\/thumbs\/thumbs_2020-07-08_HolzknechtlandSlackline-002.jpg?t=1624869430\" data-title=\"Holzknechtland-Slackline\" data-description=\"\u00a9Mariazeller B\u00fcrgeralpe\/Fotograf: Rudy Dellinger\" >\n\t\t\t\t\t\t\t\t\t\t\t\t\t\t<img decoding=\"async\" title=\"Holzknechtland-Slackline\" alt=\"Holzknechtland-Slackline\" src=\"https:\/\/www.buergeralpe.at\/winter\/wp-content\/gallery\/bergabenteuer\/thumbs\/thumbs_2020-07-08_HolzknechtlandSlackline-002.jpg?t=1624869430\" width='240' height='160' \/>\n\t\t\t\t\t\t\t\t\t\t\t\t\t<\/a>\n\t\t\t\t\t\t<label><input type=\"checkbox\" name=\"pid[]\" value=\"72\" \/><span>Holzknechtland-Slackline<\/span><\/label>\n\t\t\t\t\t<\/div>\n\t\t\t\t<\/div>\n\n\t\t\t\t\t\t\t\t\n\t\t\t\n\t\t\t\t<div id=\"ngg-image-80\" class=\"ngg-gallery-thumbnail-box\"  >\n\t\t\t\t\t<div class=\"ngg-gallery-thumbnail\" >\n\t\t\t\t\t\t<a href=\"https:\/\/www.buergeralpe.at\/winter\/wp-content\/gallery\/bergabenteuer\/IMG_6010.JPG?t=1624869430\" title=\"\u00a9Mariazeller B\u00fcrgeralpe\/Fotograf: Rudy Dellinger\" class=\"ngg-simplelightbox\" rel=\"966b2ceb62aad0eee216a718df45d791\" data-image-id=\"80\" data-src=\"https:\/\/www.buergeralpe.at\/winter\/wp-content\/gallery\/bergabenteuer\/IMG_6010.JPG?t=1624869430\" data-thumbnail=\"https:\/\/www.buergeralpe.at\/winter\/wp-content\/gallery\/bergabenteuer\/thumbs\/thumbs_IMG_6010.JPG?t=1624869430\" data-title=\"Waldeisenbahn\" data-description=\"\u00a9Mariazeller B\u00fcrgeralpe\/Fotograf: Rudy Dellinger\" >\n\t\t\t\t\t\t\t\t\t\t\t\t\t\t<img decoding=\"async\" title=\"Waldeisenbahn\" alt=\"Waldeisenbahn\" src=\"https:\/\/www.buergeralpe.at\/winter\/wp-content\/gallery\/bergabenteuer\/thumbs\/thumbs_IMG_6010.JPG?t=1624869430\" width='240' height='160' \/>\n\t\t\t\t\t\t\t\t\t\t\t\t\t<\/a>\n\t\t\t\t\t\t<label><input type=\"checkbox\" name=\"pid[]\" value=\"80\" \/><span>Waldeisenbahn<\/span><\/label>\n\t\t\t\t\t<\/div>\n\t\t\t\t<\/div>\n\n\t\t\t\t\t\t\t\t\n\t\t\t\n\t\t\t\t<div id=\"ngg-image-81\" class=\"ngg-gallery-thumbnail-box\"  >\n\t\t\t\t\t<div class=\"ngg-gallery-thumbnail\" >\n\t\t\t\t\t\t<a href=\"https:\/\/www.buergeralpe.at\/winter\/wp-content\/gallery\/bergabenteuer\/IMG_6019.JPG?t=1624869430\" title=\"\u00a9Mariazeller B\u00fcrgeralpe\/Fotograf: Rudy Dellinger\" class=\"ngg-simplelightbox\" rel=\"966b2ceb62aad0eee216a718df45d791\" data-image-id=\"81\" data-src=\"https:\/\/www.buergeralpe.at\/winter\/wp-content\/gallery\/bergabenteuer\/IMG_6019.JPG?t=1624869430\" data-thumbnail=\"https:\/\/www.buergeralpe.at\/winter\/wp-content\/gallery\/bergabenteuer\/thumbs\/thumbs_IMG_6019.JPG?t=1624869430\" data-title=\"Waldeisenbahn 01\" data-description=\"\u00a9Mariazeller B\u00fcrgeralpe\/Fotograf: Rudy Dellinger\" >\n\t\t\t\t\t\t\t\t\t\t\t\t\t\t<img decoding=\"async\" title=\"Waldeisenbahn 01\" alt=\"Waldeisenbahn 01\" src=\"https:\/\/www.buergeralpe.at\/winter\/wp-content\/gallery\/bergabenteuer\/thumbs\/thumbs_IMG_6019.JPG?t=1624869430\" width='240' height='160' \/>\n\t\t\t\t\t\t\t\t\t\t\t\t\t<\/a>\n\t\t\t\t\t\t<label><input type=\"checkbox\" name=\"pid[]\" value=\"81\" \/><span>Waldeisenbahn 01<\/span><\/label>\n\t\t\t\t\t<\/div>\n\t\t\t\t<\/div>\n\n\t\t\t\t\t\t\t\t\n\t\t\t\n\t\t\t\t<div id=\"ngg-image-68\" class=\"ngg-gallery-thumbnail-box\"  >\n\t\t\t\t\t<div class=\"ngg-gallery-thumbnail\" >\n\t\t\t\t\t\t<a href=\"https:\/\/www.buergeralpe.at\/winter\/wp-content\/gallery\/bergabenteuer\/2020-07-08_HolzknechtlandBieberwasser-009.jpg?t=1624869430\" title=\"\u00a9Mariazeller B\u00fcrgeralpe\/Fotograf: Rudy Dellinger\" class=\"ngg-simplelightbox\" rel=\"966b2ceb62aad0eee216a718df45d791\" data-image-id=\"68\" data-src=\"https:\/\/www.buergeralpe.at\/winter\/wp-content\/gallery\/bergabenteuer\/2020-07-08_HolzknechtlandBieberwasser-009.jpg?t=1624869430\" data-thumbnail=\"https:\/\/www.buergeralpe.at\/winter\/wp-content\/gallery\/bergabenteuer\/thumbs\/thumbs_2020-07-08_HolzknechtlandBieberwasser-009.jpg?t=1624869430\" data-title=\"Bieberwasser \u00dcberblick\" data-description=\"\u00a9Mariazeller B\u00fcrgeralpe\/Fotograf: Rudy Dellinger\" >\n\t\t\t\t\t\t\t\t\t\t\t\t\t\t<img decoding=\"async\" title=\"Bieberwasser \u00dcberblick\" alt=\"Bieberwasser \u00dcberblick\" src=\"https:\/\/www.buergeralpe.at\/winter\/wp-content\/gallery\/bergabenteuer\/thumbs\/thumbs_2020-07-08_HolzknechtlandBieberwasser-009.jpg?t=1624869430\" width='240' height='160' \/>\n\t\t\t\t\t\t\t\t\t\t\t\t\t<\/a>\n\t\t\t\t\t\t<label><input type=\"checkbox\" name=\"pid[]\" value=\"68\" \/><span>Bieberwasser \u00dcberblick<\/span><\/label>\n\t\t\t\t\t<\/div>\n\t\t\t\t<\/div>\n\n\t\t\t\t\t\t\t\t\n\t\t\t\n\t\t\t\t<div id=\"ngg-image-66\" class=\"ngg-gallery-thumbnail-box\"  >\n\t\t\t\t\t<div class=\"ngg-gallery-thumbnail\" >\n\t\t\t\t\t\t<a href=\"https:\/\/www.buergeralpe.at\/winter\/wp-content\/gallery\/bergabenteuer\/2020-07-08_HolzknechtlandBieberwasser-001.jpg?t=1624869430\" title=\"\u00a9Mariazeller B\u00fcrgeralpe\/Fotograf: Rudy Dellinger\" class=\"ngg-simplelightbox\" rel=\"966b2ceb62aad0eee216a718df45d791\" data-image-id=\"66\" data-src=\"https:\/\/www.buergeralpe.at\/winter\/wp-content\/gallery\/bergabenteuer\/2020-07-08_HolzknechtlandBieberwasser-001.jpg?t=1624869430\" data-thumbnail=\"https:\/\/www.buergeralpe.at\/winter\/wp-content\/gallery\/bergabenteuer\/thumbs\/thumbs_2020-07-08_HolzknechtlandBieberwasser-001.jpg?t=1624869430\" data-title=\"Bieberwasser-Zugs\u00e4ge\" data-description=\"\u00a9Mariazeller B\u00fcrgeralpe\/Fotograf: Rudy Dellinger\" >\n\t\t\t\t\t\t\t\t\t\t\t\t\t\t<img decoding=\"async\" title=\"Bieberwasser-Zugs\u00e4ge\" alt=\"Bieberwasser-Zugs\u00e4ge\" src=\"https:\/\/www.buergeralpe.at\/winter\/wp-content\/gallery\/bergabenteuer\/thumbs\/thumbs_2020-07-08_HolzknechtlandBieberwasser-001.jpg?t=1624869430\" width='240' height='160' \/>\n\t\t\t\t\t\t\t\t\t\t\t\t\t<\/a>\n\t\t\t\t\t\t<label><input type=\"checkbox\" name=\"pid[]\" value=\"66\" \/><span>Bieberwasser-Zugs\u00e4ge<\/span><\/label>\n\t\t\t\t\t<\/div>\n\t\t\t\t<\/div>\n\n\t\t\t\t\t\t\t\t\n\t\t\t\n\t\t\t\t<div id=\"ngg-image-75\" class=\"ngg-gallery-thumbnail-box\"  >\n\t\t\t\t\t<div class=\"ngg-gallery-thumbnail\" >\n\t\t\t\t\t\t<a href=\"https:\/\/www.buergeralpe.at\/winter\/wp-content\/gallery\/bergabenteuer\/2020-08-14_Family_Bieberwasser-010.jpg?t=1624869430\" title=\"\u00a9Mariazeller B\u00fcrgeralpe\/Fotograf: Rudy Dellinger\" class=\"ngg-simplelightbox\" rel=\"966b2ceb62aad0eee216a718df45d791\" data-image-id=\"75\" data-src=\"https:\/\/www.buergeralpe.at\/winter\/wp-content\/gallery\/bergabenteuer\/2020-08-14_Family_Bieberwasser-010.jpg?t=1624869430\" data-thumbnail=\"https:\/\/www.buergeralpe.at\/winter\/wp-content\/gallery\/bergabenteuer\/thumbs\/thumbs_2020-08-14_Family_Bieberwasser-010.jpg?t=1624869430\" data-title=\"Bieberwasser-Flo\u00df\" data-description=\"\u00a9Mariazeller B\u00fcrgeralpe\/Fotograf: Rudy Dellinger\" >\n\t\t\t\t\t\t\t\t\t\t\t\t\t\t<img decoding=\"async\" title=\"Bieberwasser-Flo\u00df\" alt=\"Bieberwasser-Flo\u00df\" src=\"https:\/\/www.buergeralpe.at\/winter\/wp-content\/gallery\/bergabenteuer\/thumbs\/thumbs_2020-08-14_Family_Bieberwasser-010.jpg?t=1624869430\" width='240' height='160' \/>\n\t\t\t\t\t\t\t\t\t\t\t\t\t<\/a>\n\t\t\t\t\t\t<label><input type=\"checkbox\" name=\"pid[]\" value=\"75\" \/><span>Bieberwasser-Flo\u00df<\/span><\/label>\n\t\t\t\t\t<\/div>\n\t\t\t\t<\/div>\n\n\t\t\t\t\t\t\t\t\n\t\t\t\n\t\t\t\t<div id=\"ngg-image-76\" class=\"ngg-gallery-thumbnail-box\"  >\n\t\t\t\t\t<div class=\"ngg-gallery-thumbnail\" >\n\t\t\t\t\t\t<a href=\"https:\/\/www.buergeralpe.at\/winter\/wp-content\/gallery\/bergabenteuer\/Biberwasser-Buergeralpe-Mariazell-5012.jpg?t=1624869430\" title=\"\u00a9Mariazeller B\u00fcrgeralpe\/Fotograf: Rudy Dellinger\" class=\"ngg-simplelightbox\" rel=\"966b2ceb62aad0eee216a718df45d791\" data-image-id=\"76\" data-src=\"https:\/\/www.buergeralpe.at\/winter\/wp-content\/gallery\/bergabenteuer\/Biberwasser-Buergeralpe-Mariazell-5012.jpg?t=1624869430\" data-thumbnail=\"https:\/\/www.buergeralpe.at\/winter\/wp-content\/gallery\/bergabenteuer\/thumbs\/thumbs_Biberwasser-Buergeralpe-Mariazell-5012.jpg?t=1624869430\" data-title=\"Biberwasser-Skidoo\" data-description=\"\u00a9Mariazeller B\u00fcrgeralpe\/Fotograf: Rudy Dellinger\" >\n\t\t\t\t\t\t\t\t\t\t\t\t\t\t<img decoding=\"async\" title=\"Biberwasser-Skidoo\" alt=\"Biberwasser-Skidoo\" src=\"https:\/\/www.buergeralpe.at\/winter\/wp-content\/gallery\/bergabenteuer\/thumbs\/thumbs_Biberwasser-Buergeralpe-Mariazell-5012.jpg?t=1624869430\" width='240' height='160' \/>\n\t\t\t\t\t\t\t\t\t\t\t\t\t<\/a>\n\t\t\t\t\t\t<label><input type=\"checkbox\" name=\"pid[]\" value=\"76\" \/><span>Biberwasser-Skidoo<\/span><\/label>\n\t\t\t\t\t<\/div>\n\t\t\t\t<\/div>\n\n\t\t\t\t\t\t\t\t\n\t\t\t\n\t\t\t\t<div id=\"ngg-image-74\" class=\"ngg-gallery-thumbnail-box\"  >\n\t\t\t\t\t<div class=\"ngg-gallery-thumbnail\" >\n\t\t\t\t\t\t<a href=\"https:\/\/www.buergeralpe.at\/winter\/wp-content\/gallery\/bergabenteuer\/2021-06-16_Flyline-0004.jpg?t=1624869430\" title=\"\u00a9Mariazeller B\u00fcrgeralpe\/Fotograf: Rudy Dellinger\" class=\"ngg-simplelightbox\" rel=\"966b2ceb62aad0eee216a718df45d791\" data-image-id=\"74\" data-src=\"https:\/\/www.buergeralpe.at\/winter\/wp-content\/gallery\/bergabenteuer\/2021-06-16_Flyline-0004.jpg?t=1624869430\" data-thumbnail=\"https:\/\/www.buergeralpe.at\/winter\/wp-content\/gallery\/bergabenteuer\/thumbs\/thumbs_2021-06-16_Flyline-0004.jpg?t=1624869430\" data-title=\"Waldachterbahn &quot;Flylinas Hexenflug&quot; mit Aussicht\" data-description=\"\u00a9Mariazeller B\u00fcrgeralpe\/Fotograf: Rudy Dellinger\" >\n\t\t\t\t\t\t\t\t\t\t\t\t\t\t<img decoding=\"async\" title=\"Waldachterbahn &quot;Flylinas Hexenflug&quot; mit Aussicht\" alt=\"Waldachterbahn &quot;Flylinas Hexenflug&quot; mit Aussicht\" src=\"https:\/\/www.buergeralpe.at\/winter\/wp-content\/gallery\/bergabenteuer\/thumbs\/thumbs_2021-06-16_Flyline-0004.jpg?t=1624869430\" width='240' height='160' \/>\n\t\t\t\t\t\t\t\t\t\t\t\t\t<\/a>\n\t\t\t\t\t\t<label><input type=\"checkbox\" name=\"pid[]\" value=\"74\" \/><span>Waldachterbahn &quot;Flylinas Hexenflug&quot; mit Aussicht<\/span><\/label>\n\t\t\t\t\t<\/div>\n\t\t\t\t<\/div>\n\n\t\t\t\t\t\t\t\t\n\t\t\t\n\t\t\t\t<div id=\"ngg-image-78\" class=\"ngg-gallery-thumbnail-box\"  >\n\t\t\t\t\t<div class=\"ngg-gallery-thumbnail\" >\n\t\t\t\t\t\t<a href=\"https:\/\/www.buergeralpe.at\/winter\/wp-content\/gallery\/bergabenteuer\/2021-06-16_Flyline-0013.jpg?t=1624869430\" title=\"\u00a9Mariazeller B\u00fcrgeralpe\/Fotograf: Rudy Dellinger\" class=\"ngg-simplelightbox\" rel=\"966b2ceb62aad0eee216a718df45d791\" data-image-id=\"78\" data-src=\"https:\/\/www.buergeralpe.at\/winter\/wp-content\/gallery\/bergabenteuer\/2021-06-16_Flyline-0013.jpg?t=1624869430\" data-thumbnail=\"https:\/\/www.buergeralpe.at\/winter\/wp-content\/gallery\/bergabenteuer\/thumbs\/thumbs_2021-06-16_Flyline-0013.jpg?t=1624869430\" data-title=\"Waldachterbahn &quot;Flylinas Hexenflug&quot; im Wald\" data-description=\"\u00a9Mariazeller B\u00fcrgeralpe\/Fotograf: Rudy Dellinger\" >\n\t\t\t\t\t\t\t\t\t\t\t\t\t\t<img decoding=\"async\" title=\"Waldachterbahn &quot;Flylinas Hexenflug&quot; im Wald\" alt=\"Waldachterbahn &quot;Flylinas Hexenflug&quot; im Wald\" src=\"https:\/\/www.buergeralpe.at\/winter\/wp-content\/gallery\/bergabenteuer\/thumbs\/thumbs_2021-06-16_Flyline-0013.jpg?t=1624869430\" width='240' height='160' \/>\n\t\t\t\t\t\t\t\t\t\t\t\t\t<\/a>\n\t\t\t\t\t\t<label><input type=\"checkbox\" name=\"pid[]\" value=\"78\" \/><span>Waldachterbahn &quot;Flylinas Hexenflug&quot; im Wald<\/span><\/label>\n\t\t\t\t\t<\/div>\n\t\t\t\t<\/div>\n\n\t\t\t\t\t\t\t\t\n\t\t\t\n\t\t\t\t<div id=\"ngg-image-77\" class=\"ngg-gallery-thumbnail-box\"  >\n\t\t\t\t\t<div class=\"ngg-gallery-thumbnail\" >\n\t\t\t\t\t\t<a href=\"https:\/\/www.buergeralpe.at\/winter\/wp-content\/gallery\/bergabenteuer\/2021-06-16_Flyline-0012.jpg?t=1624869430\" title=\"\u00a9Mariazeller B\u00fcrgeralpe\/Fotograf: Rudy Dellinger\" class=\"ngg-simplelightbox\" rel=\"966b2ceb62aad0eee216a718df45d791\" data-image-id=\"77\" data-src=\"https:\/\/www.buergeralpe.at\/winter\/wp-content\/gallery\/bergabenteuer\/2021-06-16_Flyline-0012.jpg?t=1624869430\" data-thumbnail=\"https:\/\/www.buergeralpe.at\/winter\/wp-content\/gallery\/bergabenteuer\/thumbs\/thumbs_2021-06-16_Flyline-0012.jpg?t=1624869430\" data-title=\"Waldachterbahn &quot;Flylinas Hexenflug&quot; - Zielflug\" data-description=\"\u00a9Mariazeller B\u00fcrgeralpe\/Fotograf: Rudy Dellinger\" >\n\t\t\t\t\t\t\t\t\t\t\t\t\t\t<img decoding=\"async\" title=\"Waldachterbahn &quot;Flylinas Hexenflug&quot; - Zielflug\" alt=\"Waldachterbahn &quot;Flylinas Hexenflug&quot; - Zielflug\" src=\"https:\/\/www.buergeralpe.at\/winter\/wp-content\/gallery\/bergabenteuer\/thumbs\/thumbs_2021-06-16_Flyline-0012.jpg?t=1624869430\" width='240' height='160' \/>\n\t\t\t\t\t\t\t\t\t\t\t\t\t<\/a>\n\t\t\t\t\t\t<label><input type=\"checkbox\" name=\"pid[]\" value=\"77\" \/><span>Waldachterbahn &quot;Flylinas Hexenflug&quot; &#8211; Zielflug<\/span><\/label>\n\t\t\t\t\t<\/div>\n\t\t\t\t<\/div>\n\n\t\t\t\t\t\t\t\t\n\t\t\t\n\t\t\t<hr class=\"ngg-download-separator\" \/>\n\t\t\t<input class=\"button ngg-download-selectall\" type=\"button\" style=\"display:none\" value=\"alles w\u00e4hlen\" \/>\n\t\t\t<input class=\"button ngg-download-download downloadButton\" type=\"submit\" value=\"Download ausgew\u00e4hlter Bilder\" \/>\n\t\t\t\t\t\t<input class=\"button ngg-download-everything\" type=\"submit\" name=\"download-all\" style=\"display:none\" value=\"Alle Bilder herunterladen\" \/>\n\t\t\t<input type=\"hidden\" name=\"all-id\" value=\"eyJJRCI6Ijk2NmIyY2ViNjJhYWQwZWVlMjE2YTcxOGRmNDVkNzkxIiwiY29udGFpbmVyX2lkcyI6WyI2Il0sInJldHVybnMiOiJpbmNsdWRlZCIsInNvdXJjZSI6ImdhbGxlcmllcyJ9\" \/>\n\t\t\t\t\t<\/form>\n\n\t<!-- Pagination -->\n\t<div class='ngg-clear'><\/div>\n\t<\/div>\n\n\t\t\t\t\t\t\t\t<\/div>\n\t\t\t\t<\/div>\n\t\t\t\t\t<\/div>\n\t\t<\/div>\n\t\t\t\t\t<\/div>\n\t\t<\/section>\n\t\t\t\t<section class=\"elementor-section elementor-top-section elementor-element elementor-element-3e138c2 elementor-section-boxed elementor-section-height-default elementor-section-height-default\" data-id=\"3e138c2\" data-element_type=\"section\" data-e-type=\"section\">\n\t\t\t\t\t\t<div class=\"elementor-container elementor-column-gap-default\">\n\t\t\t\t\t<div class=\"elementor-column elementor-col-100 elementor-top-column elementor-element elementor-element-d8bef48\" data-id=\"d8bef48\" data-element_type=\"column\" data-e-type=\"column\">\n\t\t\t<div class=\"elementor-widget-wrap elementor-element-populated\">\n\t\t\t\t\t\t\t<\/div>\n\t\t<\/div>\n\t\t\t\t\t<\/div>\n\t\t<\/section>\n\t\t\t\t<section class=\"elementor-section elementor-top-section elementor-element elementor-element-519376a elementor-section-boxed elementor-section-height-default elementor-section-height-default\" data-id=\"519376a\" data-element_type=\"section\" data-e-type=\"section\">\n\t\t\t\t\t\t<div class=\"elementor-container elementor-column-gap-default\">\n\t\t\t\t\t<div class=\"elementor-column elementor-col-100 elementor-top-column elementor-element elementor-element-5733f7d\" data-id=\"5733f7d\" data-element_type=\"column\" data-e-type=\"column\">\n\t\t\t<div class=\"elementor-widget-wrap elementor-element-populated\">\n\t\t\t\t\t\t<div class=\"elementor-element elementor-element-54304b7 elementor-widget elementor-widget-text-editor\" data-id=\"54304b7\" data-element_type=\"widget\" data-e-type=\"widget\" data-widget_type=\"text-editor.default\">\n\t\t\t\t<div class=\"elementor-widget-container\">\n\t\t\t\t\t\t\t\t\t\n\t<div class=\"ngg-galleryoverview ngg-download\" id=\"ngg-gallery-0e7a562ef35d59fd4f118469fe3973df-41\">\n\n\t\t<h3>WakeAlps<\/h3>\n\n\t\t\n\t\t\n\t\t\n\t\t<!-- Thumbnails -->\n\t\t<form action=\"https:\/\/www.buergeralpe.at\/winter\/wp-admin\/admin-ajax.php\" method=\"post\" id=\"ngg-gallery-0e7a562ef35d59fd4f118469fe3973df-41-download-frm\" class=\"ngg-download-frm\">\n\t\t\t<input type=\"hidden\" name=\"action\" value=\"ngg-download-gallery-zip\" \/>\n\t\t\t<input type=\"hidden\" name=\"gallery\" value=\"WakeAlps\" \/>\n\n\t\t\t\n\t\t\t\t<div id=\"ngg-image-48\" class=\"ngg-gallery-thumbnail-box\"  >\n\t\t\t\t\t<div class=\"ngg-gallery-thumbnail\" >\n\t\t\t\t\t\t<a href=\"https:\/\/www.buergeralpe.at\/winter\/wp-content\/gallery\/wakealps\/Wakealps-Wakeboard-Mariazell-Buergeralpe-IMG_1936.jpg?t=1615972838\" title=\"\u00a9Mariazeller B\u00fcrgeralpe\/Fotograf: Markus K.\" class=\"ngg-simplelightbox\" rel=\"0e7a562ef35d59fd4f118469fe3973df\" data-image-id=\"48\" data-src=\"https:\/\/www.buergeralpe.at\/winter\/wp-content\/gallery\/wakealps\/Wakealps-Wakeboard-Mariazell-Buergeralpe-IMG_1936.jpg?t=1615972838\" data-thumbnail=\"https:\/\/www.buergeralpe.at\/winter\/wp-content\/gallery\/wakealps\/thumbs\/thumbs_Wakealps-Wakeboard-Mariazell-Buergeralpe-IMG_1936.jpg?t=1615972838\" data-title=\"Wakealps-1\" data-description=\"\u00a9Mariazeller B\u00fcrgeralpe\/Fotograf: Markus K.\" >\n\t\t\t\t\t\t\t\t\t\t\t\t\t\t<img decoding=\"async\" title=\"Wakealps-1\" alt=\"Wakealps-1\" src=\"https:\/\/www.buergeralpe.at\/winter\/wp-content\/gallery\/wakealps\/thumbs\/thumbs_Wakealps-Wakeboard-Mariazell-Buergeralpe-IMG_1936.jpg?t=1615972838\" width='240' height='160' \/>\n\t\t\t\t\t\t\t\t\t\t\t\t\t<\/a>\n\t\t\t\t\t\t<label><input type=\"checkbox\" name=\"pid[]\" value=\"48\" \/><span>Wakealps-1<\/span><\/label>\n\t\t\t\t\t<\/div>\n\t\t\t\t<\/div>\n\n\t\t\t\t\t\t\t\t\n\t\t\t\n\t\t\t\t<div id=\"ngg-image-49\" class=\"ngg-gallery-thumbnail-box\"  >\n\t\t\t\t\t<div class=\"ngg-gallery-thumbnail\" >\n\t\t\t\t\t\t<a href=\"https:\/\/www.buergeralpe.at\/winter\/wp-content\/gallery\/wakealps\/Wakealps-Wakeboard-Mariazell-Buergeralpe-IMG_1944.jpg?t=1615972838\" title=\"\u00a9Mariazeller B\u00fcrgeralpe\/Fotograf: Markus K.\" class=\"ngg-simplelightbox\" rel=\"0e7a562ef35d59fd4f118469fe3973df\" data-image-id=\"49\" data-src=\"https:\/\/www.buergeralpe.at\/winter\/wp-content\/gallery\/wakealps\/Wakealps-Wakeboard-Mariazell-Buergeralpe-IMG_1944.jpg?t=1615972838\" data-thumbnail=\"https:\/\/www.buergeralpe.at\/winter\/wp-content\/gallery\/wakealps\/thumbs\/thumbs_Wakealps-Wakeboard-Mariazell-Buergeralpe-IMG_1944.jpg?t=1615972838\" data-title=\"Wakealps-2\" data-description=\"\u00a9Mariazeller B\u00fcrgeralpe\/Fotograf: Markus K.\" >\n\t\t\t\t\t\t\t\t\t\t\t\t\t\t<img decoding=\"async\" title=\"Wakealps-2\" alt=\"Wakealps-2\" src=\"https:\/\/www.buergeralpe.at\/winter\/wp-content\/gallery\/wakealps\/thumbs\/thumbs_Wakealps-Wakeboard-Mariazell-Buergeralpe-IMG_1944.jpg?t=1615972838\" width='240' height='160' \/>\n\t\t\t\t\t\t\t\t\t\t\t\t\t<\/a>\n\t\t\t\t\t\t<label><input type=\"checkbox\" name=\"pid[]\" value=\"49\" \/><span>Wakealps-2<\/span><\/label>\n\t\t\t\t\t<\/div>\n\t\t\t\t<\/div>\n\n\t\t\t\t\t\t\t\t\n\t\t\t\n\t\t\t\t<div id=\"ngg-image-50\" class=\"ngg-gallery-thumbnail-box\"  >\n\t\t\t\t\t<div class=\"ngg-gallery-thumbnail\" >\n\t\t\t\t\t\t<a href=\"https:\/\/www.buergeralpe.at\/winter\/wp-content\/gallery\/wakealps\/Wakealps-Wakeboard-Mariazell-Buergeralpe-IMG_1911.jpg?t=1615972838\" title=\"\u00a9Mariazeller B\u00fcrgeralpe\/Fotograf: Markus K.\" class=\"ngg-simplelightbox\" rel=\"0e7a562ef35d59fd4f118469fe3973df\" data-image-id=\"50\" data-src=\"https:\/\/www.buergeralpe.at\/winter\/wp-content\/gallery\/wakealps\/Wakealps-Wakeboard-Mariazell-Buergeralpe-IMG_1911.jpg?t=1615972838\" data-thumbnail=\"https:\/\/www.buergeralpe.at\/winter\/wp-content\/gallery\/wakealps\/thumbs\/thumbs_Wakealps-Wakeboard-Mariazell-Buergeralpe-IMG_1911.jpg?t=1615972838\" data-title=\"Wakealps-3\" data-description=\"\u00a9Mariazeller B\u00fcrgeralpe\/Fotograf: Markus K.\" >\n\t\t\t\t\t\t\t\t\t\t\t\t\t\t<img decoding=\"async\" title=\"Wakealps-3\" alt=\"Wakealps-3\" src=\"https:\/\/www.buergeralpe.at\/winter\/wp-content\/gallery\/wakealps\/thumbs\/thumbs_Wakealps-Wakeboard-Mariazell-Buergeralpe-IMG_1911.jpg?t=1615972838\" width='240' height='160' \/>\n\t\t\t\t\t\t\t\t\t\t\t\t\t<\/a>\n\t\t\t\t\t\t<label><input type=\"checkbox\" name=\"pid[]\" value=\"50\" \/><span>Wakealps-3<\/span><\/label>\n\t\t\t\t\t<\/div>\n\t\t\t\t<\/div>\n\n\t\t\t\t\t\t\t\t\n\t\t\t\n\t\t\t\t<div id=\"ngg-image-51\" class=\"ngg-gallery-thumbnail-box\"  >\n\t\t\t\t\t<div class=\"ngg-gallery-thumbnail\" >\n\t\t\t\t\t\t<a href=\"https:\/\/www.buergeralpe.at\/winter\/wp-content\/gallery\/wakealps\/Wakealps-Wakeboard-Mariazell-Buergeralpe-IMG_1972.jpg?t=1615972838\" title=\"\u00a9Mariazeller B\u00fcrgeralpe\/Fotograf: Markus K.\" class=\"ngg-simplelightbox\" rel=\"0e7a562ef35d59fd4f118469fe3973df\" data-image-id=\"51\" data-src=\"https:\/\/www.buergeralpe.at\/winter\/wp-content\/gallery\/wakealps\/Wakealps-Wakeboard-Mariazell-Buergeralpe-IMG_1972.jpg?t=1615972838\" data-thumbnail=\"https:\/\/www.buergeralpe.at\/winter\/wp-content\/gallery\/wakealps\/thumbs\/thumbs_Wakealps-Wakeboard-Mariazell-Buergeralpe-IMG_1972.jpg?t=1615972838\" data-title=\"Wakealps-4\" data-description=\"\u00a9Mariazeller B\u00fcrgeralpe\/Fotograf: Markus K.\" >\n\t\t\t\t\t\t\t\t\t\t\t\t\t\t<img decoding=\"async\" title=\"Wakealps-4\" alt=\"Wakealps-4\" src=\"https:\/\/www.buergeralpe.at\/winter\/wp-content\/gallery\/wakealps\/thumbs\/thumbs_Wakealps-Wakeboard-Mariazell-Buergeralpe-IMG_1972.jpg?t=1615972838\" width='240' height='160' \/>\n\t\t\t\t\t\t\t\t\t\t\t\t\t<\/a>\n\t\t\t\t\t\t<label><input type=\"checkbox\" name=\"pid[]\" value=\"51\" \/><span>Wakealps-4<\/span><\/label>\n\t\t\t\t\t<\/div>\n\t\t\t\t<\/div>\n\n\t\t\t\t\t\t\t\t\n\t\t\t\n\t\t\t\t<div id=\"ngg-image-52\" class=\"ngg-gallery-thumbnail-box\"  >\n\t\t\t\t\t<div class=\"ngg-gallery-thumbnail\" >\n\t\t\t\t\t\t<a href=\"https:\/\/www.buergeralpe.at\/winter\/wp-content\/gallery\/wakealps\/Wakealps-Wakeboard-Mariazell-Buergeralpe-IMG_2053.jpg?t=1615972838\" title=\"\u00a9Mariazeller B\u00fcrgeralpe\/Fotograf: Markus K.\" class=\"ngg-simplelightbox\" rel=\"0e7a562ef35d59fd4f118469fe3973df\" data-image-id=\"52\" data-src=\"https:\/\/www.buergeralpe.at\/winter\/wp-content\/gallery\/wakealps\/Wakealps-Wakeboard-Mariazell-Buergeralpe-IMG_2053.jpg?t=1615972838\" data-thumbnail=\"https:\/\/www.buergeralpe.at\/winter\/wp-content\/gallery\/wakealps\/thumbs\/thumbs_Wakealps-Wakeboard-Mariazell-Buergeralpe-IMG_2053.jpg?t=1615972838\" data-title=\"Wakealps-5\" data-description=\"\u00a9Mariazeller B\u00fcrgeralpe\/Fotograf: Markus K.\" >\n\t\t\t\t\t\t\t\t\t\t\t\t\t\t<img decoding=\"async\" title=\"Wakealps-5\" alt=\"Wakealps-5\" src=\"https:\/\/www.buergeralpe.at\/winter\/wp-content\/gallery\/wakealps\/thumbs\/thumbs_Wakealps-Wakeboard-Mariazell-Buergeralpe-IMG_2053.jpg?t=1615972838\" width='240' height='160' \/>\n\t\t\t\t\t\t\t\t\t\t\t\t\t<\/a>\n\t\t\t\t\t\t<label><input type=\"checkbox\" name=\"pid[]\" value=\"52\" \/><span>Wakealps-5<\/span><\/label>\n\t\t\t\t\t<\/div>\n\t\t\t\t<\/div>\n\n\t\t\t\t\t\t\t\t\n\t\t\t\n\t\t\t\t<div id=\"ngg-image-53\" class=\"ngg-gallery-thumbnail-box\"  >\n\t\t\t\t\t<div class=\"ngg-gallery-thumbnail\" >\n\t\t\t\t\t\t<a href=\"https:\/\/www.buergeralpe.at\/winter\/wp-content\/gallery\/wakealps\/Wakealps-Wakeboard-Mariazell-Buergeralpe-IMG_2056.jpg?t=1615972838\" title=\"\u00a9Mariazeller B\u00fcrgeralpe\/Fotograf: Markus K.\" class=\"ngg-simplelightbox\" rel=\"0e7a562ef35d59fd4f118469fe3973df\" data-image-id=\"53\" data-src=\"https:\/\/www.buergeralpe.at\/winter\/wp-content\/gallery\/wakealps\/Wakealps-Wakeboard-Mariazell-Buergeralpe-IMG_2056.jpg?t=1615972838\" data-thumbnail=\"https:\/\/www.buergeralpe.at\/winter\/wp-content\/gallery\/wakealps\/thumbs\/thumbs_Wakealps-Wakeboard-Mariazell-Buergeralpe-IMG_2056.jpg?t=1615972838\" data-title=\"Wakealps-6\" data-description=\"\u00a9Mariazeller B\u00fcrgeralpe\/Fotograf: Markus K.\" >\n\t\t\t\t\t\t\t\t\t\t\t\t\t\t<img decoding=\"async\" title=\"Wakealps-6\" alt=\"Wakealps-6\" src=\"https:\/\/www.buergeralpe.at\/winter\/wp-content\/gallery\/wakealps\/thumbs\/thumbs_Wakealps-Wakeboard-Mariazell-Buergeralpe-IMG_2056.jpg?t=1615972838\" width='240' height='160' \/>\n\t\t\t\t\t\t\t\t\t\t\t\t\t<\/a>\n\t\t\t\t\t\t<label><input type=\"checkbox\" name=\"pid[]\" value=\"53\" \/><span>Wakealps-6<\/span><\/label>\n\t\t\t\t\t<\/div>\n\t\t\t\t<\/div>\n\n\t\t\t\t\t\t\t\t\n\t\t\t\n\t\t\t\t<div id=\"ngg-image-54\" class=\"ngg-gallery-thumbnail-box\"  >\n\t\t\t\t\t<div class=\"ngg-gallery-thumbnail\" >\n\t\t\t\t\t\t<a href=\"https:\/\/www.buergeralpe.at\/winter\/wp-content\/gallery\/wakealps\/11222993_10153615216347975_6173359784604357409_o.jpg?t=1615972838\" title=\"\u00a9Mariazeller B\u00fcrgeralpe\" class=\"ngg-simplelightbox\" rel=\"0e7a562ef35d59fd4f118469fe3973df\" data-image-id=\"54\" data-src=\"https:\/\/www.buergeralpe.at\/winter\/wp-content\/gallery\/wakealps\/11222993_10153615216347975_6173359784604357409_o.jpg?t=1615972838\" data-thumbnail=\"https:\/\/www.buergeralpe.at\/winter\/wp-content\/gallery\/wakealps\/thumbs\/thumbs_11222993_10153615216347975_6173359784604357409_o.jpg?t=1615972838\" data-title=\"Kneeboard-1\" data-description=\"\u00a9Mariazeller B\u00fcrgeralpe\" >\n\t\t\t\t\t\t\t\t\t\t\t\t\t\t<img decoding=\"async\" title=\"Kneeboard-1\" alt=\"Kneeboard-1\" src=\"https:\/\/www.buergeralpe.at\/winter\/wp-content\/gallery\/wakealps\/thumbs\/thumbs_11222993_10153615216347975_6173359784604357409_o.jpg?t=1615972838\" width='240' height='160' \/>\n\t\t\t\t\t\t\t\t\t\t\t\t\t<\/a>\n\t\t\t\t\t\t<label><input type=\"checkbox\" name=\"pid[]\" value=\"54\" \/><span>Kneeboard-1<\/span><\/label>\n\t\t\t\t\t<\/div>\n\t\t\t\t<\/div>\n\n\t\t\t\t\t\t\t\t\n\t\t\t\n\t\t\t\t<div id=\"ngg-image-55\" class=\"ngg-gallery-thumbnail-box\"  >\n\t\t\t\t\t<div class=\"ngg-gallery-thumbnail\" >\n\t\t\t\t\t\t<a href=\"https:\/\/www.buergeralpe.at\/winter\/wp-content\/gallery\/wakealps\/Wakealps-Wakeboard-Mariazell-Buergeralpe-IMG_2076.jpg?t=1615972838\" title=\"\u00a9Mariazeller B\u00fcrgeralpe\/Fotograf: Markus K.\" class=\"ngg-simplelightbox\" rel=\"0e7a562ef35d59fd4f118469fe3973df\" data-image-id=\"55\" data-src=\"https:\/\/www.buergeralpe.at\/winter\/wp-content\/gallery\/wakealps\/Wakealps-Wakeboard-Mariazell-Buergeralpe-IMG_2076.jpg?t=1615972838\" data-thumbnail=\"https:\/\/www.buergeralpe.at\/winter\/wp-content\/gallery\/wakealps\/thumbs\/thumbs_Wakealps-Wakeboard-Mariazell-Buergeralpe-IMG_2076.jpg?t=1615972838\" data-title=\"Wakealps-7\" data-description=\"\u00a9Mariazeller B\u00fcrgeralpe\/Fotograf: Markus K.\" >\n\t\t\t\t\t\t\t\t\t\t\t\t\t\t<img decoding=\"async\" title=\"Wakealps-7\" alt=\"Wakealps-7\" src=\"https:\/\/www.buergeralpe.at\/winter\/wp-content\/gallery\/wakealps\/thumbs\/thumbs_Wakealps-Wakeboard-Mariazell-Buergeralpe-IMG_2076.jpg?t=1615972838\" width='240' height='160' \/>\n\t\t\t\t\t\t\t\t\t\t\t\t\t<\/a>\n\t\t\t\t\t\t<label><input type=\"checkbox\" name=\"pid[]\" value=\"55\" \/><span>Wakealps-7<\/span><\/label>\n\t\t\t\t\t<\/div>\n\t\t\t\t<\/div>\n\n\t\t\t\t\t\t\t\t\n\t\t\t\n\t\t\t\t<div id=\"ngg-image-56\" class=\"ngg-gallery-thumbnail-box\"  >\n\t\t\t\t\t<div class=\"ngg-gallery-thumbnail\" >\n\t\t\t\t\t\t<a href=\"https:\/\/www.buergeralpe.at\/winter\/wp-content\/gallery\/wakealps\/Buergeralpe-Kristallsee-Wakeboard-Biberwasser-6091.jpg?t=1615972838\" title=\"\u00a9Mariazeller B\u00fcrgeralpe\" class=\"ngg-simplelightbox\" rel=\"0e7a562ef35d59fd4f118469fe3973df\" data-image-id=\"56\" data-src=\"https:\/\/www.buergeralpe.at\/winter\/wp-content\/gallery\/wakealps\/Buergeralpe-Kristallsee-Wakeboard-Biberwasser-6091.jpg?t=1615972838\" data-thumbnail=\"https:\/\/www.buergeralpe.at\/winter\/wp-content\/gallery\/wakealps\/thumbs\/thumbs_Buergeralpe-Kristallsee-Wakeboard-Biberwasser-6091.jpg?t=1615972838\" data-title=\"Walkingballs-1\" data-description=\"\u00a9Mariazeller B\u00fcrgeralpe\" >\n\t\t\t\t\t\t\t\t\t\t\t\t\t\t<img decoding=\"async\" title=\"Walkingballs-1\" alt=\"Walkingballs-1\" src=\"https:\/\/www.buergeralpe.at\/winter\/wp-content\/gallery\/wakealps\/thumbs\/thumbs_Buergeralpe-Kristallsee-Wakeboard-Biberwasser-6091.jpg?t=1615972838\" width='240' height='160' \/>\n\t\t\t\t\t\t\t\t\t\t\t\t\t<\/a>\n\t\t\t\t\t\t<label><input type=\"checkbox\" name=\"pid[]\" value=\"56\" \/><span>Walkingballs-1<\/span><\/label>\n\t\t\t\t\t<\/div>\n\t\t\t\t<\/div>\n\n\t\t\t\t\t\t\t\t\n\t\t\t\n\t\t\t\t<div id=\"ngg-image-57\" class=\"ngg-gallery-thumbnail-box\"  >\n\t\t\t\t\t<div class=\"ngg-gallery-thumbnail\" >\n\t\t\t\t\t\t<a href=\"https:\/\/www.buergeralpe.at\/winter\/wp-content\/gallery\/wakealps\/Wakealps-Wakeboard-Mariazell-Buergeralpe-IMG_2069.jpg?t=1615972838\" title=\"\u00a9Mariazeller B\u00fcrgeralpe\/Fotograf: Markus K.\" class=\"ngg-simplelightbox\" rel=\"0e7a562ef35d59fd4f118469fe3973df\" data-image-id=\"57\" data-src=\"https:\/\/www.buergeralpe.at\/winter\/wp-content\/gallery\/wakealps\/Wakealps-Wakeboard-Mariazell-Buergeralpe-IMG_2069.jpg?t=1615972838\" data-thumbnail=\"https:\/\/www.buergeralpe.at\/winter\/wp-content\/gallery\/wakealps\/thumbs\/thumbs_Wakealps-Wakeboard-Mariazell-Buergeralpe-IMG_2069.jpg?t=1615972838\" data-title=\"Wakealps-8\" data-description=\"\u00a9Mariazeller B\u00fcrgeralpe\/Fotograf: Markus K.\" >\n\t\t\t\t\t\t\t\t\t\t\t\t\t\t<img decoding=\"async\" title=\"Wakealps-8\" alt=\"Wakealps-8\" src=\"https:\/\/www.buergeralpe.at\/winter\/wp-content\/gallery\/wakealps\/thumbs\/thumbs_Wakealps-Wakeboard-Mariazell-Buergeralpe-IMG_2069.jpg?t=1615972838\" width='240' height='160' \/>\n\t\t\t\t\t\t\t\t\t\t\t\t\t<\/a>\n\t\t\t\t\t\t<label><input type=\"checkbox\" name=\"pid[]\" value=\"57\" \/><span>Wakealps-8<\/span><\/label>\n\t\t\t\t\t<\/div>\n\t\t\t\t<\/div>\n\n\t\t\t\t\t\t\t\t\n\t\t\t\n\t\t\t\t<div id=\"ngg-image-58\" class=\"ngg-gallery-thumbnail-box\"  >\n\t\t\t\t\t<div class=\"ngg-gallery-thumbnail\" >\n\t\t\t\t\t\t<a href=\"https:\/\/www.buergeralpe.at\/winter\/wp-content\/gallery\/wakealps\/Buergeralpe-Wakealps-Terrassencafe-KinderIMG_4652-.jpg?t=1615972838\" title=\"\u00a9Mariazeller B\u00fcrgeralpe\/Fotograf: Fred Lindmoser\" class=\"ngg-simplelightbox\" rel=\"0e7a562ef35d59fd4f118469fe3973df\" data-image-id=\"58\" data-src=\"https:\/\/www.buergeralpe.at\/winter\/wp-content\/gallery\/wakealps\/Buergeralpe-Wakealps-Terrassencafe-KinderIMG_4652-.jpg?t=1615972838\" data-thumbnail=\"https:\/\/www.buergeralpe.at\/winter\/wp-content\/gallery\/wakealps\/thumbs\/thumbs_Buergeralpe-Wakealps-Terrassencafe-KinderIMG_4652-.jpg?t=1615972838\" data-title=\"fliegender Teppich-1\" data-description=\"\u00a9Mariazeller B\u00fcrgeralpe\/Fotograf: Fred Lindmoser\" >\n\t\t\t\t\t\t\t\t\t\t\t\t\t\t<img decoding=\"async\" title=\"fliegender Teppich-1\" alt=\"fliegender Teppich-1\" src=\"https:\/\/www.buergeralpe.at\/winter\/wp-content\/gallery\/wakealps\/thumbs\/thumbs_Buergeralpe-Wakealps-Terrassencafe-KinderIMG_4652-.jpg?t=1615972838\" width='240' height='160' \/>\n\t\t\t\t\t\t\t\t\t\t\t\t\t<\/a>\n\t\t\t\t\t\t<label><input type=\"checkbox\" name=\"pid[]\" value=\"58\" \/><span>fliegender Teppich-1<\/span><\/label>\n\t\t\t\t\t<\/div>\n\t\t\t\t<\/div>\n\n\t\t\t\t\t\t\t\t\n\t\t\t\n\t\t\t\t<div id=\"ngg-image-59\" class=\"ngg-gallery-thumbnail-box\"  >\n\t\t\t\t\t<div class=\"ngg-gallery-thumbnail\" >\n\t\t\t\t\t\t<a href=\"https:\/\/www.buergeralpe.at\/winter\/wp-content\/gallery\/wakealps\/Buergeralpe-Wakealps-Terrassencafe-KinderIMG_4653-.jpg?t=1615972838\" title=\"\u00a9Mariazeller B\u00fcrgeralpe\/Fotograf: Fred Lindmoser\" class=\"ngg-simplelightbox\" rel=\"0e7a562ef35d59fd4f118469fe3973df\" data-image-id=\"59\" data-src=\"https:\/\/www.buergeralpe.at\/winter\/wp-content\/gallery\/wakealps\/Buergeralpe-Wakealps-Terrassencafe-KinderIMG_4653-.jpg?t=1615972838\" data-thumbnail=\"https:\/\/www.buergeralpe.at\/winter\/wp-content\/gallery\/wakealps\/thumbs\/thumbs_Buergeralpe-Wakealps-Terrassencafe-KinderIMG_4653-.jpg?t=1615972838\" data-title=\"fliegender Teppich-2\" data-description=\"\u00a9Mariazeller B\u00fcrgeralpe\/Fotograf: Fred Lindmoser\" >\n\t\t\t\t\t\t\t\t\t\t\t\t\t\t<img decoding=\"async\" title=\"fliegender Teppich-2\" alt=\"fliegender Teppich-2\" src=\"https:\/\/www.buergeralpe.at\/winter\/wp-content\/gallery\/wakealps\/thumbs\/thumbs_Buergeralpe-Wakealps-Terrassencafe-KinderIMG_4653-.jpg?t=1615972838\" width='240' height='160' \/>\n\t\t\t\t\t\t\t\t\t\t\t\t\t<\/a>\n\t\t\t\t\t\t<label><input type=\"checkbox\" name=\"pid[]\" value=\"59\" \/><span>fliegender Teppich-2<\/span><\/label>\n\t\t\t\t\t<\/div>\n\t\t\t\t<\/div>\n\n\t\t\t\t\t\t\t\t\n\t\t\t\n\t\t\t\t<div id=\"ngg-image-60\" class=\"ngg-gallery-thumbnail-box\"  >\n\t\t\t\t\t<div class=\"ngg-gallery-thumbnail\" >\n\t\t\t\t\t\t<a href=\"https:\/\/www.buergeralpe.at\/winter\/wp-content\/gallery\/wakealps\/Buergeralpe-Wakealps-Terrassencafe-KinderIMG_4436-.jpg?t=1615972838\" title=\"\u00a9Mariazeller B\u00fcrgeralpe\/Fotograf: Fred Lindmoser\" class=\"ngg-simplelightbox\" rel=\"0e7a562ef35d59fd4f118469fe3973df\" data-image-id=\"60\" data-src=\"https:\/\/www.buergeralpe.at\/winter\/wp-content\/gallery\/wakealps\/Buergeralpe-Wakealps-Terrassencafe-KinderIMG_4436-.jpg?t=1615972838\" data-thumbnail=\"https:\/\/www.buergeralpe.at\/winter\/wp-content\/gallery\/wakealps\/thumbs\/thumbs_Buergeralpe-Wakealps-Terrassencafe-KinderIMG_4436-.jpg?t=1615972838\" data-title=\"SUP-1\" data-description=\"\u00a9Mariazeller B\u00fcrgeralpe\/Fotograf: Fred Lindmoser\" >\n\t\t\t\t\t\t\t\t\t\t\t\t\t\t<img decoding=\"async\" title=\"SUP-1\" alt=\"SUP-1\" src=\"https:\/\/www.buergeralpe.at\/winter\/wp-content\/gallery\/wakealps\/thumbs\/thumbs_Buergeralpe-Wakealps-Terrassencafe-KinderIMG_4436-.jpg?t=1615972838\" width='240' height='160' \/>\n\t\t\t\t\t\t\t\t\t\t\t\t\t<\/a>\n\t\t\t\t\t\t<label><input type=\"checkbox\" name=\"pid[]\" value=\"60\" \/><span>SUP-1<\/span><\/label>\n\t\t\t\t\t<\/div>\n\t\t\t\t<\/div>\n\n\t\t\t\t\t\t\t\t\n\t\t\t\n\t\t\t\t<div id=\"ngg-image-61\" class=\"ngg-gallery-thumbnail-box\"  >\n\t\t\t\t\t<div class=\"ngg-gallery-thumbnail\" >\n\t\t\t\t\t\t<a href=\"https:\/\/www.buergeralpe.at\/winter\/wp-content\/gallery\/wakealps\/Buergeralpe-Wakealps-Terrassencafe-KinderIMG_4466-.jpg?t=1615972838\" title=\"\u00a9Mariazeller B\u00fcrgeralpe\/Fotograf: Fred Lindmoser\" class=\"ngg-simplelightbox\" rel=\"0e7a562ef35d59fd4f118469fe3973df\" data-image-id=\"61\" data-src=\"https:\/\/www.buergeralpe.at\/winter\/wp-content\/gallery\/wakealps\/Buergeralpe-Wakealps-Terrassencafe-KinderIMG_4466-.jpg?t=1615972838\" data-thumbnail=\"https:\/\/www.buergeralpe.at\/winter\/wp-content\/gallery\/wakealps\/thumbs\/thumbs_Buergeralpe-Wakealps-Terrassencafe-KinderIMG_4466-.jpg?t=1615972838\" data-title=\"Walkingballs-2\" data-description=\"\u00a9Mariazeller B\u00fcrgeralpe\/Fotograf: Fred Lindmoser\" >\n\t\t\t\t\t\t\t\t\t\t\t\t\t\t<img decoding=\"async\" title=\"Walkingballs-2\" alt=\"Walkingballs-2\" src=\"https:\/\/www.buergeralpe.at\/winter\/wp-content\/gallery\/wakealps\/thumbs\/thumbs_Buergeralpe-Wakealps-Terrassencafe-KinderIMG_4466-.jpg?t=1615972838\" width='240' height='160' \/>\n\t\t\t\t\t\t\t\t\t\t\t\t\t<\/a>\n\t\t\t\t\t\t<label><input type=\"checkbox\" name=\"pid[]\" value=\"61\" \/><span>Walkingballs-2<\/span><\/label>\n\t\t\t\t\t<\/div>\n\t\t\t\t<\/div>\n\n\t\t\t\t\t\t\t\t\n\t\t\t\n\t\t\t<hr class=\"ngg-download-separator\" \/>\n\t\t\t<input class=\"button ngg-download-selectall\" type=\"button\" style=\"display:none\" value=\"alles w\u00e4hlen\" \/>\n\t\t\t<input class=\"button ngg-download-download downloadButton\" type=\"submit\" value=\"Download ausgew\u00e4hlter Bilder\" \/>\n\t\t\t\t\t\t<input class=\"button ngg-download-everything\" type=\"submit\" name=\"download-all\" style=\"display:none\" value=\"Alle Bilder herunterladen\" \/>\n\t\t\t<input type=\"hidden\" name=\"all-id\" value=\"eyJJRCI6IjBlN2E1NjJlZjM1ZDU5ZmQ0ZjExODQ2OWZlMzk3M2RmIiwiY29udGFpbmVyX2lkcyI6WyI1Il0sInJldHVybnMiOiJpbmNsdWRlZCIsInNvdXJjZSI6ImdhbGxlcmllcyJ9\" \/>\n\t\t\t\t\t<\/form>\n\n\t<!-- Pagination -->\n\t<div class='ngg-clear'><\/div>\n\t<\/div>\n\n\t\t\t\t\t\t\t\t<\/div>\n\t\t\t\t<\/div>\n\t\t\t\t\t<\/div>\n\t\t<\/div>\n\t\t\t\t\t<\/div>\n\t\t<\/section>\n\t\t\t\t<\/div>\n\t\t","protected":false},"excerpt":{"rendered":"<p>Bilderdatenbank B\u00fcrgeralpe Ihr direkter Weg zu kostenlosen Image- und Pressefotos von der Mariazeller B\u00fcrgeralpe. Bitte um Angabe des angef\u00fchrten Fotocredits. Sollten Sie zus\u00e4tzliche Fotos oder Infos ben\u00f6tigen wenden Sie sich bitte an office@buergeralpe.at.<\/p>\n","protected":false},"author":1,"featured_media":0,"parent":0,"menu_order":0,"comment_status":"closed","ping_status":"closed","template":"elementor_header_footer","meta":{"ngg_post_thumbnail":0,"ocean_post_layout":"","ocean_both_sidebars_style":"","ocean_both_sidebars_content_width":0,"ocean_both_sidebars_sidebars_width":0,"ocean_sidebar":"","ocean_second_sidebar":"","ocean_disable_margins":"enable","ocean_add_body_class":"","ocean_shortcode_before_top_bar":"","ocean_shortcode_after_top_bar":"","ocean_shortcode_before_header":"","ocean_shortcode_after_header":"","ocean_has_shortcode":"","ocean_shortcode_after_title":"","ocean_shortcode_before_footer_widgets":"","ocean_shortcode_after_footer_widgets":"","ocean_shortcode_before_footer_bottom":"","ocean_shortcode_after_footer_bottom":"","ocean_display_top_bar":"default","ocean_display_header":"default","ocean_header_style":"","ocean_center_header_left_menu":"","ocean_custom_header_template":"","ocean_custom_logo":0,"ocean_custom_retina_logo":0,"ocean_custom_logo_max_width":0,"ocean_custom_logo_tablet_max_width":0,"ocean_custom_logo_mobile_max_width":0,"ocean_custom_logo_max_height":0,"ocean_custom_logo_tablet_max_height":0,"ocean_custom_logo_mobile_max_height":0,"ocean_header_custom_menu":"","ocean_menu_typo_font_family":"","ocean_menu_typo_font_subset":"","ocean_menu_typo_font_size":0,"ocean_menu_typo_font_size_tablet":0,"ocean_menu_typo_font_size_mobile":0,"ocean_menu_typo_font_size_unit":"px","ocean_menu_typo_font_weight":"","ocean_menu_typo_font_weight_tablet":"","ocean_menu_typo_font_weight_mobile":"","ocean_menu_typo_transform":"","ocean_menu_typo_transform_tablet":"","ocean_menu_typo_transform_mobile":"","ocean_menu_typo_line_height":0,"ocean_menu_typo_line_height_tablet":0,"ocean_menu_typo_line_height_mobile":0,"ocean_menu_typo_line_height_unit":"","ocean_menu_typo_spacing":0,"ocean_menu_typo_spacing_tablet":0,"ocean_menu_typo_spacing_mobile":0,"ocean_menu_typo_spacing_unit":"","ocean_menu_link_color":"","ocean_menu_link_color_hover":"","ocean_menu_link_color_active":"","ocean_menu_link_background":"","ocean_menu_link_hover_background":"","ocean_menu_link_active_background":"","ocean_menu_social_links_bg":"","ocean_menu_social_hover_links_bg":"","ocean_menu_social_links_color":"","ocean_menu_social_hover_links_color":"","ocean_disable_title":"default","ocean_disable_heading":"default","ocean_post_title":"","ocean_post_subheading":"","ocean_post_title_style":"","ocean_post_title_background_color":"","ocean_post_title_background":0,"ocean_post_title_bg_image_position":"","ocean_post_title_bg_image_attachment":"","ocean_post_title_bg_image_repeat":"","ocean_post_title_bg_image_size":"","ocean_post_title_height":0,"ocean_post_title_bg_overlay":0.5,"ocean_post_title_bg_overlay_color":"","ocean_disable_breadcrumbs":"default","ocean_breadcrumbs_color":"","ocean_breadcrumbs_separator_color":"","ocean_breadcrumbs_links_color":"","ocean_breadcrumbs_links_hover_color":"","ocean_display_footer_widgets":"default","ocean_display_footer_bottom":"default","ocean_custom_footer_template":"","footnotes":""},"class_list":["post-41","page","type-page","status-publish","hentry","entry"],"yoast_head":"<!-- This site is optimized with the Yoast SEO plugin v27.5 - https:\/\/yoast.com\/product\/yoast-seo-wordpress\/ -->\n<title>Presse - Winter - Mariazeller B\u00fcrgeralpe<\/title>\n<meta name=\"robots\" content=\"index, follow, max-snippet:-1, max-image-preview:large, max-video-preview:-1\" \/>\n<link rel=\"canonical\" href=\"https:\/\/www.buergeralpe.at\/winter\/presse\/\" \/>\n<meta property=\"og:locale\" content=\"de_DE\" \/>\n<meta property=\"og:type\" content=\"article\" \/>\n<meta property=\"og:title\" content=\"Presse - Winter - Mariazeller B\u00fcrgeralpe\" \/>\n<meta property=\"og:description\" content=\"Bilderdatenbank B\u00fcrgeralpe Ihr direkter Weg zu kostenlosen Image- und Pressefotos von der Mariazeller B\u00fcrgeralpe. Bitte um Angabe des angef\u00fchrten Fotocredits. Sollten Sie zus\u00e4tzliche Fotos oder Infos ben\u00f6tigen wenden Sie sich bitte an office@buergeralpe.at.\" \/>\n<meta property=\"og:url\" content=\"https:\/\/www.buergeralpe.at\/winter\/presse\/\" \/>\n<meta property=\"og:site_name\" content=\"Winter - Mariazeller B\u00fcrgeralpe\" \/>\n<meta property=\"article:modified_time\" content=\"2024-03-11T12:30:36+00:00\" \/>\n<meta name=\"twitter:card\" content=\"summary_large_image\" \/>\n<meta name=\"twitter:label1\" content=\"Gesch\u00e4tzte Lesezeit\" \/>\n\t<meta name=\"twitter:data1\" content=\"1\u00a0Minute\" \/>\n<script type=\"application\/ld+json\" class=\"yoast-schema-graph\">{\"@context\":\"https:\\\/\\\/schema.org\",\"@graph\":[{\"@type\":\"WebPage\",\"@id\":\"https:\\\/\\\/www.buergeralpe.at\\\/winter\\\/presse\\\/\",\"url\":\"https:\\\/\\\/www.buergeralpe.at\\\/winter\\\/presse\\\/\",\"name\":\"Presse - Winter - Mariazeller B\u00fcrgeralpe\",\"isPartOf\":{\"@id\":\"https:\\\/\\\/www.buergeralpe.at\\\/winter\\\/#website\"},\"datePublished\":\"2021-01-31T09:44:46+00:00\",\"dateModified\":\"2024-03-11T12:30:36+00:00\",\"breadcrumb\":{\"@id\":\"https:\\\/\\\/www.buergeralpe.at\\\/winter\\\/presse\\\/#breadcrumb\"},\"inLanguage\":\"de\",\"potentialAction\":[{\"@type\":\"ReadAction\",\"target\":[\"https:\\\/\\\/www.buergeralpe.at\\\/winter\\\/presse\\\/\"]}]},{\"@type\":\"BreadcrumbList\",\"@id\":\"https:\\\/\\\/www.buergeralpe.at\\\/winter\\\/presse\\\/#breadcrumb\",\"itemListElement\":[{\"@type\":\"ListItem\",\"position\":1,\"name\":\"Startseite\",\"item\":\"https:\\\/\\\/www.buergeralpe.at\\\/winter\\\/\"},{\"@type\":\"ListItem\",\"position\":2,\"name\":\"Presse\"}]},{\"@type\":\"WebSite\",\"@id\":\"https:\\\/\\\/www.buergeralpe.at\\\/winter\\\/#website\",\"url\":\"https:\\\/\\\/www.buergeralpe.at\\\/winter\\\/\",\"name\":\"Winter - Mariazeller B\u00fcrgeralpe\",\"description\":\"Ein Spa\u00df f\u00fcr die ganze Familie\",\"publisher\":{\"@id\":\"https:\\\/\\\/www.buergeralpe.at\\\/winter\\\/#organization\"},\"potentialAction\":[{\"@type\":\"SearchAction\",\"target\":{\"@type\":\"EntryPoint\",\"urlTemplate\":\"https:\\\/\\\/www.buergeralpe.at\\\/winter\\\/?s={search_term_string}\"},\"query-input\":{\"@type\":\"PropertyValueSpecification\",\"valueRequired\":true,\"valueName\":\"search_term_string\"}}],\"inLanguage\":\"de\"},{\"@type\":\"Organization\",\"@id\":\"https:\\\/\\\/www.buergeralpe.at\\\/winter\\\/#organization\",\"name\":\"Winter - Mariazeller B\u00fcrgeralpe\",\"url\":\"https:\\\/\\\/www.buergeralpe.at\\\/winter\\\/\",\"logo\":{\"@type\":\"ImageObject\",\"inLanguage\":\"de\",\"@id\":\"https:\\\/\\\/www.buergeralpe.at\\\/winter\\\/#\\\/schema\\\/logo\\\/image\\\/\",\"url\":\"https:\\\/\\\/www.buergeralpe.at\\\/winter\\\/wp-content\\\/uploads\\\/2021\\\/06\\\/cropped-Logo_Buergeralpe_Mariazell_weiss.png\",\"contentUrl\":\"https:\\\/\\\/www.buergeralpe.at\\\/winter\\\/wp-content\\\/uploads\\\/2021\\\/06\\\/cropped-Logo_Buergeralpe_Mariazell_weiss.png\",\"width\":1643,\"height\":754,\"caption\":\"Winter - Mariazeller B\u00fcrgeralpe\"},\"image\":{\"@id\":\"https:\\\/\\\/www.buergeralpe.at\\\/winter\\\/#\\\/schema\\\/logo\\\/image\\\/\"}}]}<\/script>\n<!-- \/ Yoast SEO plugin. -->","yoast_head_json":{"title":"Presse - Winter - Mariazeller B\u00fcrgeralpe","robots":{"index":"index","follow":"follow","max-snippet":"max-snippet:-1","max-image-preview":"max-image-preview:large","max-video-preview":"max-video-preview:-1"},"canonical":"https:\/\/www.buergeralpe.at\/winter\/presse\/","og_locale":"de_DE","og_type":"article","og_title":"Presse - Winter - Mariazeller B\u00fcrgeralpe","og_description":"Bilderdatenbank B\u00fcrgeralpe Ihr direkter Weg zu kostenlosen Image- und Pressefotos von der Mariazeller B\u00fcrgeralpe. Bitte um Angabe des angef\u00fchrten Fotocredits. Sollten Sie zus\u00e4tzliche Fotos oder Infos ben\u00f6tigen wenden Sie sich bitte an office@buergeralpe.at.","og_url":"https:\/\/www.buergeralpe.at\/winter\/presse\/","og_site_name":"Winter - Mariazeller B\u00fcrgeralpe","article_modified_time":"2024-03-11T12:30:36+00:00","twitter_card":"summary_large_image","twitter_misc":{"Gesch\u00e4tzte Lesezeit":"1\u00a0Minute"},"schema":{"@context":"https:\/\/schema.org","@graph":[{"@type":"WebPage","@id":"https:\/\/www.buergeralpe.at\/winter\/presse\/","url":"https:\/\/www.buergeralpe.at\/winter\/presse\/","name":"Presse - Winter - Mariazeller B\u00fcrgeralpe","isPartOf":{"@id":"https:\/\/www.buergeralpe.at\/winter\/#website"},"datePublished":"2021-01-31T09:44:46+00:00","dateModified":"2024-03-11T12:30:36+00:00","breadcrumb":{"@id":"https:\/\/www.buergeralpe.at\/winter\/presse\/#breadcrumb"},"inLanguage":"de","potentialAction":[{"@type":"ReadAction","target":["https:\/\/www.buergeralpe.at\/winter\/presse\/"]}]},{"@type":"BreadcrumbList","@id":"https:\/\/www.buergeralpe.at\/winter\/presse\/#breadcrumb","itemListElement":[{"@type":"ListItem","position":1,"name":"Startseite","item":"https:\/\/www.buergeralpe.at\/winter\/"},{"@type":"ListItem","position":2,"name":"Presse"}]},{"@type":"WebSite","@id":"https:\/\/www.buergeralpe.at\/winter\/#website","url":"https:\/\/www.buergeralpe.at\/winter\/","name":"Winter - Mariazeller B\u00fcrgeralpe","description":"Ein Spa\u00df f\u00fcr die ganze Familie","publisher":{"@id":"https:\/\/www.buergeralpe.at\/winter\/#organization"},"potentialAction":[{"@type":"SearchAction","target":{"@type":"EntryPoint","urlTemplate":"https:\/\/www.buergeralpe.at\/winter\/?s={search_term_string}"},"query-input":{"@type":"PropertyValueSpecification","valueRequired":true,"valueName":"search_term_string"}}],"inLanguage":"de"},{"@type":"Organization","@id":"https:\/\/www.buergeralpe.at\/winter\/#organization","name":"Winter - Mariazeller B\u00fcrgeralpe","url":"https:\/\/www.buergeralpe.at\/winter\/","logo":{"@type":"ImageObject","inLanguage":"de","@id":"https:\/\/www.buergeralpe.at\/winter\/#\/schema\/logo\/image\/","url":"https:\/\/www.buergeralpe.at\/winter\/wp-content\/uploads\/2021\/06\/cropped-Logo_Buergeralpe_Mariazell_weiss.png","contentUrl":"https:\/\/www.buergeralpe.at\/winter\/wp-content\/uploads\/2021\/06\/cropped-Logo_Buergeralpe_Mariazell_weiss.png","width":1643,"height":754,"caption":"Winter - Mariazeller B\u00fcrgeralpe"},"image":{"@id":"https:\/\/www.buergeralpe.at\/winter\/#\/schema\/logo\/image\/"}}]}},"publishpress_future_action":{"enabled":false,"date":"2026-05-06 07:20:05","action":"change-status","newStatus":"draft","terms":[],"taxonomy":"","extraData":[]},"publishpress_future_workflow_manual_trigger":{"enabledWorkflows":[]},"_links":{"self":[{"href":"https:\/\/www.buergeralpe.at\/winter\/wp-json\/wp\/v2\/pages\/41","targetHints":{"allow":["GET"]}}],"collection":[{"href":"https:\/\/www.buergeralpe.at\/winter\/wp-json\/wp\/v2\/pages"}],"about":[{"href":"https:\/\/www.buergeralpe.at\/winter\/wp-json\/wp\/v2\/types\/page"}],"author":[{"embeddable":true,"href":"https:\/\/www.buergeralpe.at\/winter\/wp-json\/wp\/v2\/users\/1"}],"replies":[{"embeddable":true,"href":"https:\/\/www.buergeralpe.at\/winter\/wp-json\/wp\/v2\/comments?post=41"}],"version-history":[{"count":31,"href":"https:\/\/www.buergeralpe.at\/winter\/wp-json\/wp\/v2\/pages\/41\/revisions"}],"predecessor-version":[{"id":3041,"href":"https:\/\/www.buergeralpe.at\/winter\/wp-json\/wp\/v2\/pages\/41\/revisions\/3041"}],"wp:attachment":[{"href":"https:\/\/www.buergeralpe.at\/winter\/wp-json\/wp\/v2\/media?parent=41"}],"curies":[{"name":"wp","href":"https:\/\/api.w.org\/{rel}","templated":true}]}}